{"id":2096,"date":"2024-01-18T11:53:47","date_gmt":"2024-01-18T11:53:47","guid":{"rendered":"https:\/\/celebrante.annemeton.com\/?page_id=2096"},"modified":"2026-09-02T07:04:33","modified_gmt":"2026-09-02T07:04:33","slug":"recensioni","status":"publish","type":"page","link":"https:\/\/celebrante.annemeton.com\/en\/recensioni\/","title":{"rendered":"Reviews"},"content":{"rendered":"\t\t<div data-elementor-type=\"wp-page\" data-elementor-id=\"2096\" class=\"elementor elementor-2096\" data-elementor-post-type=\"page\">\n\t\t\t\t<div class=\"elementor-element elementor-element-2c3738f e-con-full recensioni-container e-flex e-con e-parent\" data-id=\"2c3738f\" data-element_type=\"container\" data-e-type=\"container\" data-settings=\"{&quot;background_background&quot;:&quot;classic&quot;}\">\n\t\t<div class=\"elementor-element elementor-element-bf2f0b2 e-con-full animated-slow recensione-box e-flex elementor-invisible e-con e-child\" data-id=\"bf2f0b2\" data-element_type=\"container\" data-e-type=\"container\" data-settings=\"{&quot;animation&quot;:&quot;fadeIn&quot;}\">\n\t\t\t\t<div class=\"elementor-element elementor-element-e51bc27 recensione-box elementor-widget elementor-widget-heading\" data-id=\"e51bc27\" data-element_type=\"widget\" data-e-type=\"widget\" data-widget_type=\"heading.default\">\n\t\t\t\t<div class=\"elementor-widget-container\">\n\t\t\t\t\t<h3 class=\"elementor-heading-title elementor-size-default\">Matrimonio celtico<\/h3>\t\t\t\t<\/div>\n\t\t\t\t<\/div>\n\t\t\t\t<div class=\"elementor-element elementor-element-04f3d8b elementor-widget elementor-widget-text-editor\" data-id=\"04f3d8b\" data-element_type=\"widget\" data-e-type=\"widget\" data-widget_type=\"text-editor.default\">\n\t\t\t\t<div class=\"elementor-widget-container\">\n\t\t\t\t\t\t\t\t\t<p>Meravigliosa Annemeton!<br \/>Una donna dall&#8217;animo gentile, super preparata, che <strong>ti guida passo passo<\/strong> fin dalle prime basi conoscitive per arrivare poi al percorso cerimoniale vero e proprio.<br \/>Professionale, <strong>sempre disponibile<\/strong>, non d\u00e0 nulla per scontato: con una <strong>cerimonia curata in tutti i dettagli<\/strong>, crea l&#8217;atmosfera giusta per i futuri sposi mettendoli a loro agio in un giorno davvero importante.<br \/>Consigliatissima!!!<\/p>\t\t\t\t\t\t\t\t<\/div>\n\t\t\t\t<\/div>\n\t\t\t\t<div class=\"elementor-element elementor-element-156fede elementor-widget elementor-widget-image\" data-id=\"156fede\" data-element_type=\"widget\" data-e-type=\"widget\" data-widget_type=\"image.default\">\n\t\t\t\t<div class=\"elementor-widget-container\">\n\t\t\t\t\t\t\t\t\t\t\t\t\t\t\t<img fetchpriority=\"high\" decoding=\"async\" width=\"696\" height=\"696\" src=\"https:\/\/celebrante.annemeton.com\/wp-content\/uploads\/2023\/12\/alice-matteo.jpg\" class=\"attachment-full size-full wp-image-1979\" alt=\"Alice e Matteo\" srcset=\"https:\/\/celebrante.annemeton.com\/wp-content\/uploads\/2023\/12\/alice-matteo.jpg 696w, https:\/\/celebrante.annemeton.com\/wp-content\/uploads\/2023\/12\/alice-matteo-300x300.jpg 300w, https:\/\/celebrante.annemeton.com\/wp-content\/uploads\/2023\/12\/alice-matteo-150x150.jpg 150w\" sizes=\"(max-width: 696px) 100vw, 696px\" \/>\t\t\t\t\t\t\t\t\t\t\t\t\t\t\t<\/div>\n\t\t\t\t<\/div>\n\t\t\t\t<div class=\"elementor-element elementor-element-76089cc elementor-star-rating--align-center elementor--star-style-star_unicode elementor-widget elementor-widget-star-rating\" data-id=\"76089cc\" data-element_type=\"widget\" data-e-type=\"widget\" data-widget_type=\"star-rating.default\">\n\t\t\t\t<div class=\"elementor-widget-container\">\n\t\t\t\t\t\t\t<div class=\"elementor-star-rating__wrapper\">\n\t\t\t\t\t\t<div class=\"elementor-star-rating\" itemtype=\"http:\/\/schema.org\/Rating\" itemscope=\"\" itemprop=\"reviewRating\">\n\t\t\t\t<i class=\"elementor-star-full\" aria-hidden=\"true\">&#9734;<\/i><i class=\"elementor-star-full\" aria-hidden=\"true\">&#9734;<\/i><i class=\"elementor-star-full\" aria-hidden=\"true\">&#9734;<\/i><i class=\"elementor-star-full\" aria-hidden=\"true\">&#9734;<\/i><i class=\"elementor-star-full\" aria-hidden=\"true\">&#9734;<\/i>\t\t\t\t<span itemprop=\"ratingValue\" class=\"elementor-screen-only\">Valutazione 5 su 5<\/span>\n\t\t\t<\/div>\n\t\t<\/div>\n\t\t\t\t\t\t<\/div>\n\t\t\t\t<\/div>\n\t\t\t\t<div class=\"elementor-element elementor-element-af22579 elementor-widget elementor-widget-heading\" data-id=\"af22579\" data-element_type=\"widget\" data-e-type=\"widget\" data-widget_type=\"heading.default\">\n\t\t\t\t<div class=\"elementor-widget-container\">\n\t\t\t\t\t<h4 class=\"elementor-heading-title elementor-size-medium\">Alice &amp; Matteo<\/h4>\t\t\t\t<\/div>\n\t\t\t\t<\/div>\n\t\t\t\t<div class=\"elementor-element elementor-element-530e211 elementor-widget elementor-widget-heading\" data-id=\"530e211\" data-element_type=\"widget\" data-e-type=\"widget\" data-widget_type=\"heading.default\">\n\t\t\t\t<div class=\"elementor-widget-container\">\n\t\t\t\t\t<div class=\"elementor-heading-title elementor-size-default\">Matrimonio Celtico tra i pioppi e le campagne, Laghetto Valtorre, Romentino, NO<\/div>\t\t\t\t<\/div>\n\t\t\t\t<\/div>\n\t\t\t\t<\/div>\n\t\t<div class=\"elementor-element elementor-element-f590953 e-con-full e-flex e-con e-child\" data-id=\"f590953\" data-element_type=\"container\" data-e-type=\"container\">\n\t\t<div class=\"elementor-element elementor-element-6bd43d0 e-con-full animated-slow recensione-box e-flex elementor-invisible e-con e-child\" data-id=\"6bd43d0\" data-element_type=\"container\" data-e-type=\"container\" data-settings=\"{&quot;animation&quot;:&quot;fadeIn&quot;}\">\n\t\t\t\t<div class=\"elementor-element elementor-element-4a291ad elementor-widget elementor-widget-heading\" data-id=\"4a291ad\" data-element_type=\"widget\" data-e-type=\"widget\" data-widget_type=\"heading.default\">\n\t\t\t\t<div class=\"elementor-widget-container\">\n\t\t\t\t\t<h3 class=\"elementor-heading-title elementor-size-default\">Il matrimonio che abbiamo sempre sognato<\/h3>\t\t\t\t<\/div>\n\t\t\t\t<\/div>\n\t\t\t\t<div class=\"elementor-element elementor-element-0375964 elementor-widget elementor-widget-text-editor\" data-id=\"0375964\" data-element_type=\"widget\" data-e-type=\"widget\" data-widget_type=\"text-editor.default\">\n\t\t\t\t<div class=\"elementor-widget-container\">\n\t\t\t\t\t\t\t\t\t<p>Gabriella ed io ci siamo sposati con rito celtico il 24-07-23. In una bella giornata di sole. Siamo stati accolti nel giardino del ristorante da Annemeton che con <strong>la sua delicatezza e il suo sorriso<\/strong> ci ha portato in un mondo fiabesco, coinvolgendo anche tutti gli amici e parenti intervenuti. Per un&#8217;ora siamo stati tutti trasportati in <strong>un universo magico<\/strong> dove la dolce voce di Annemeton ci ha guidati passo dopo passo al cospetto dei 4 elementi rendendo <strong>la nostra unione unica<\/strong>. La gioia e l\u2019entusiasmo di Annemeton unite alla sua preparazione hanno reso la nostra giornata davvero speciale .<br \/>Grazie con tutto il cuore.<\/p>\t\t\t\t\t\t\t\t<\/div>\n\t\t\t\t<\/div>\n\t\t\t\t<div class=\"elementor-element elementor-element-9a53dda elementor-widget elementor-widget-image\" data-id=\"9a53dda\" data-element_type=\"widget\" data-e-type=\"widget\" data-widget_type=\"image.default\">\n\t\t\t\t<div class=\"elementor-widget-container\">\n\t\t\t\t\t\t\t\t\t\t\t\t\t\t\t<img decoding=\"async\" width=\"438\" height=\"438\" src=\"https:\/\/celebrante.annemeton.com\/wp-content\/uploads\/2024\/02\/gabriella-paolo.jpg\" class=\"attachment-large size-large wp-image-2562\" alt=\"Gabriella e Paolo\" srcset=\"https:\/\/celebrante.annemeton.com\/wp-content\/uploads\/2024\/02\/gabriella-paolo.jpg 438w, https:\/\/celebrante.annemeton.com\/wp-content\/uploads\/2024\/02\/gabriella-paolo-300x300.jpg 300w, https:\/\/celebrante.annemeton.com\/wp-content\/uploads\/2024\/02\/gabriella-paolo-150x150.jpg 150w\" sizes=\"(max-width: 438px) 100vw, 438px\" \/>\t\t\t\t\t\t\t\t\t\t\t\t\t\t\t<\/div>\n\t\t\t\t<\/div>\n\t\t\t\t<div class=\"elementor-element elementor-element-4c903da elementor-star-rating--align-center elementor--star-style-star_unicode elementor-widget elementor-widget-star-rating\" data-id=\"4c903da\" data-element_type=\"widget\" data-e-type=\"widget\" data-widget_type=\"star-rating.default\">\n\t\t\t\t<div class=\"elementor-widget-container\">\n\t\t\t\t\t\t\t<div class=\"elementor-star-rating__wrapper\">\n\t\t\t\t\t\t<div class=\"elementor-star-rating\" itemtype=\"http:\/\/schema.org\/Rating\" itemscope=\"\" itemprop=\"reviewRating\">\n\t\t\t\t<i class=\"elementor-star-full\" aria-hidden=\"true\">&#9734;<\/i><i class=\"elementor-star-full\" aria-hidden=\"true\">&#9734;<\/i><i class=\"elementor-star-full\" aria-hidden=\"true\">&#9734;<\/i><i class=\"elementor-star-full\" aria-hidden=\"true\">&#9734;<\/i><i class=\"elementor-star-full\" aria-hidden=\"true\">&#9734;<\/i>\t\t\t\t<span itemprop=\"ratingValue\" class=\"elementor-screen-only\">Valutazione 5 su 5<\/span>\n\t\t\t<\/div>\n\t\t<\/div>\n\t\t\t\t\t\t<\/div>\n\t\t\t\t<\/div>\n\t\t\t\t<div class=\"elementor-element elementor-element-f4885c4 elementor-widget elementor-widget-heading\" data-id=\"f4885c4\" data-element_type=\"widget\" data-e-type=\"widget\" data-widget_type=\"heading.default\">\n\t\t\t\t<div class=\"elementor-widget-container\">\n\t\t\t\t\t<h4 class=\"elementor-heading-title elementor-size-medium\">Gabriella &amp; Paolo<\/h4>\t\t\t\t<\/div>\n\t\t\t\t<\/div>\n\t\t\t\t<div class=\"elementor-element elementor-element-a8aeac2 elementor-widget elementor-widget-heading\" data-id=\"a8aeac2\" data-element_type=\"widget\" data-e-type=\"widget\" data-widget_type=\"heading.default\">\n\t\t\t\t<div class=\"elementor-widget-container\">\n\t\t\t\t\t<div class=\"elementor-heading-title elementor-size-default\">Matrimonio con Rito Celtico Agriturismo Cascina Mattia, Cant\u00f9, CO<\/div>\t\t\t\t<\/div>\n\t\t\t\t<\/div>\n\t\t\t\t<\/div>\n\t\t\t\t<\/div>\n\t\t<div class=\"elementor-element elementor-element-eb0cdaf e-con-full e-flex e-con e-child\" data-id=\"eb0cdaf\" data-element_type=\"container\" data-e-type=\"container\" data-settings=\"{&quot;animation&quot;:&quot;none&quot;}\">\n\t\t<div class=\"elementor-element elementor-element-1103b9c e-con-full animated-slow recensione-box e-flex elementor-invisible e-con e-child\" data-id=\"1103b9c\" data-element_type=\"container\" data-e-type=\"container\" data-settings=\"{&quot;animation&quot;:&quot;fadeIn&quot;}\">\n\t\t\t\t<div class=\"elementor-element elementor-element-7ea7290 elementor-widget elementor-widget-heading\" data-id=\"7ea7290\" data-element_type=\"widget\" data-e-type=\"widget\" data-widget_type=\"heading.default\">\n\t\t\t\t<div class=\"elementor-widget-container\">\n\t\t\t\t\t<h3 class=\"elementor-heading-title elementor-size-default\">Perfetta sotto ogni punto di vista !!!<\/h3>\t\t\t\t<\/div>\n\t\t\t\t<\/div>\n\t\t\t\t<div class=\"elementor-element elementor-element-7600a03 elementor-widget elementor-widget-text-editor\" data-id=\"7600a03\" data-element_type=\"widget\" data-e-type=\"widget\" data-widget_type=\"text-editor.default\">\n\t\t\t\t<div class=\"elementor-widget-container\">\n\t\t\t\t\t\t\t\t\t<p>La nostra celebrante ha capito esattamente come volevamo la nostra cerimonia, e con i suoi <strong>tocchi, idee e bravura<\/strong> l&#8217;ha resa a dire poco stupenda sotto ogni punto di vista.<br \/>E stata un&#8217;<strong>esperienza indimenticabile<\/strong> che consigliamo a chiunque voglia celebrare il matrimonio con il rito celtico.<br \/>Grazie di tutto Annalisa!<\/p>\t\t\t\t\t\t\t\t<\/div>\n\t\t\t\t<\/div>\n\t\t\t\t<div class=\"elementor-element elementor-element-3c9cf46 elementor-widget elementor-widget-image\" data-id=\"3c9cf46\" data-element_type=\"widget\" data-e-type=\"widget\" data-widget_type=\"image.default\">\n\t\t\t\t<div class=\"elementor-widget-container\">\n\t\t\t\t\t\t\t\t\t\t\t\t\t\t\t<img decoding=\"async\" width=\"150\" height=\"150\" src=\"https:\/\/celebrante.annemeton.com\/wp-content\/uploads\/2024\/08\/IMG_8468-150x150.jpg\" class=\"attachment-thumbnail size-thumbnail wp-image-3389\" alt=\"\" \/>\t\t\t\t\t\t\t\t\t\t\t\t\t\t\t<\/div>\n\t\t\t\t<\/div>\n\t\t\t\t<div class=\"elementor-element elementor-element-d0c5573 elementor-star-rating--align-center elementor--star-style-star_unicode elementor-widget elementor-widget-star-rating\" data-id=\"d0c5573\" data-element_type=\"widget\" data-e-type=\"widget\" data-widget_type=\"star-rating.default\">\n\t\t\t\t<div class=\"elementor-widget-container\">\n\t\t\t\t\t\t\t<div class=\"elementor-star-rating__wrapper\">\n\t\t\t\t\t\t<div class=\"elementor-star-rating\" itemtype=\"http:\/\/schema.org\/Rating\" itemscope=\"\" itemprop=\"reviewRating\">\n\t\t\t\t<i class=\"elementor-star-full\" aria-hidden=\"true\">&#9734;<\/i><i class=\"elementor-star-full\" aria-hidden=\"true\">&#9734;<\/i><i class=\"elementor-star-full\" aria-hidden=\"true\">&#9734;<\/i><i class=\"elementor-star-full\" aria-hidden=\"true\">&#9734;<\/i><i class=\"elementor-star-full\" aria-hidden=\"true\">&#9734;<\/i>\t\t\t\t<span itemprop=\"ratingValue\" class=\"elementor-screen-only\">Valutazione 5 su 5<\/span>\n\t\t\t<\/div>\n\t\t<\/div>\n\t\t\t\t\t\t<\/div>\n\t\t\t\t<\/div>\n\t\t\t\t<div class=\"elementor-element elementor-element-27a9f19 elementor-widget elementor-widget-heading\" data-id=\"27a9f19\" data-element_type=\"widget\" data-e-type=\"widget\" data-widget_type=\"heading.default\">\n\t\t\t\t<div class=\"elementor-widget-container\">\n\t\t\t\t\t<h4 class=\"elementor-heading-title elementor-size-medium\">Sara &amp; Gianni<\/h4>\t\t\t\t<\/div>\n\t\t\t\t<\/div>\n\t\t\t\t<div class=\"elementor-element elementor-element-841166e elementor-widget elementor-widget-heading\" data-id=\"841166e\" data-element_type=\"widget\" data-e-type=\"widget\" data-widget_type=\"heading.default\">\n\t\t\t\t<div class=\"elementor-widget-container\">\n\t\t\t\t\t<div class=\"elementor-heading-title elementor-size-default\">Matrimonio Celtico Pagano, Agriturismo \"Il Pesco Selvatico\", Galliate, NO<\/div>\t\t\t\t<\/div>\n\t\t\t\t<\/div>\n\t\t\t\t<\/div>\n\t\t<div class=\"elementor-element elementor-element-9084166 e-con-full animated-slow recensione-box e-flex elementor-invisible e-con e-child\" data-id=\"9084166\" data-element_type=\"container\" data-e-type=\"container\" data-settings=\"{&quot;animation&quot;:&quot;fadeIn&quot;}\">\n\t\t\t\t<div class=\"elementor-element elementor-element-4e3d28b elementor-widget elementor-widget-heading\" data-id=\"4e3d28b\" data-element_type=\"widget\" data-e-type=\"widget\" data-widget_type=\"heading.default\">\n\t\t\t\t<div class=\"elementor-widget-container\">\n\t\t\t\t\t<h3 class=\"elementor-heading-title elementor-size-default\">Un giorno speciale e unico! <\/h3>\t\t\t\t<\/div>\n\t\t\t\t<\/div>\n\t\t\t\t<div class=\"elementor-element elementor-element-429ed13 elementor-widget elementor-widget-text-editor\" data-id=\"429ed13\" data-element_type=\"widget\" data-e-type=\"widget\" data-widget_type=\"text-editor.default\">\n\t\t\t\t<div class=\"elementor-widget-container\">\n\t\t\t\t\t\t\t\t\t<p>Tutto \u00e8 stato perfetto, oltre ogni nostra aspettativa. Gli stessi invitati non sapevano esattamente cosa aspettarsi, ma una volta iniziata la cerimonia tutti si sono sentiti piacevolmente coinvolti.<br \/>Grazie di tutto.<\/p>\t\t\t\t\t\t\t\t<\/div>\n\t\t\t\t<\/div>\n\t\t\t\t<div class=\"elementor-element elementor-element-0e7dc40 elementor-widget elementor-widget-image\" data-id=\"0e7dc40\" data-element_type=\"widget\" data-e-type=\"widget\" data-widget_type=\"image.default\">\n\t\t\t\t<div class=\"elementor-widget-container\">\n\t\t\t\t\t\t\t\t\t\t\t\t\t\t\t<img loading=\"lazy\" decoding=\"async\" width=\"150\" height=\"150\" src=\"https:\/\/celebrante.annemeton.com\/wp-content\/uploads\/2024\/08\/IMG_8214-150x150.jpg\" class=\"attachment-thumbnail size-thumbnail wp-image-3394\" alt=\"Matrimonio celtico nel Bosco Lorenza e Luca\" \/>\t\t\t\t\t\t\t\t\t\t\t\t\t\t\t<\/div>\n\t\t\t\t<\/div>\n\t\t\t\t<div class=\"elementor-element elementor-element-e32b235 elementor-star-rating--align-center elementor--star-style-star_unicode elementor-widget elementor-widget-star-rating\" data-id=\"e32b235\" data-element_type=\"widget\" data-e-type=\"widget\" data-widget_type=\"star-rating.default\">\n\t\t\t\t<div class=\"elementor-widget-container\">\n\t\t\t\t\t\t\t<div class=\"elementor-star-rating__wrapper\">\n\t\t\t\t\t\t<div class=\"elementor-star-rating\" itemtype=\"http:\/\/schema.org\/Rating\" itemscope=\"\" itemprop=\"reviewRating\">\n\t\t\t\t<i class=\"elementor-star-full\" aria-hidden=\"true\">&#9734;<\/i><i class=\"elementor-star-full\" aria-hidden=\"true\">&#9734;<\/i><i class=\"elementor-star-full\" aria-hidden=\"true\">&#9734;<\/i><i class=\"elementor-star-full\" aria-hidden=\"true\">&#9734;<\/i><i class=\"elementor-star-full\" aria-hidden=\"true\">&#9734;<\/i>\t\t\t\t<span itemprop=\"ratingValue\" class=\"elementor-screen-only\">Valutazione 5 su 5<\/span>\n\t\t\t<\/div>\n\t\t<\/div>\n\t\t\t\t\t\t<\/div>\n\t\t\t\t<\/div>\n\t\t\t\t<div class=\"elementor-element elementor-element-e578ec1 elementor-widget elementor-widget-heading\" data-id=\"e578ec1\" data-element_type=\"widget\" data-e-type=\"widget\" data-widget_type=\"heading.default\">\n\t\t\t\t<div class=\"elementor-widget-container\">\n\t\t\t\t\t<h4 class=\"elementor-heading-title elementor-size-medium\">Lorenza &amp; Luca <\/h4>\t\t\t\t<\/div>\n\t\t\t\t<\/div>\n\t\t\t\t<div class=\"elementor-element elementor-element-e2be2bc elementor-widget elementor-widget-heading\" data-id=\"e2be2bc\" data-element_type=\"widget\" data-e-type=\"widget\" data-widget_type=\"heading.default\">\n\t\t\t\t<div class=\"elementor-widget-container\">\n\t\t\t\t\t<div class=\"elementor-heading-title elementor-size-default\">Matrimonio Celtico nel Bosco, Agriturismo \"Il Pesco Selvatico\" Galliate\", NO<\/div>\t\t\t\t<\/div>\n\t\t\t\t<\/div>\n\t\t\t\t<\/div>\n\t\t\t\t<\/div>\n\t\t<div class=\"elementor-element elementor-element-12c907f e-con-full e-flex e-con e-child\" data-id=\"12c907f\" data-element_type=\"container\" data-e-type=\"container\" data-settings=\"{&quot;animation&quot;:&quot;none&quot;}\">\n\t\t<div class=\"elementor-element elementor-element-e830fb6 e-con-full animated-slow recensione-box e-flex elementor-invisible e-con e-child\" data-id=\"e830fb6\" data-element_type=\"container\" data-e-type=\"container\" data-settings=\"{&quot;animation&quot;:&quot;fadeIn&quot;}\">\n\t\t\t\t<div class=\"elementor-element elementor-element-03ac05c elementor-widget elementor-widget-heading\" data-id=\"03ac05c\" data-element_type=\"widget\" data-e-type=\"widget\" data-widget_type=\"heading.default\">\n\t\t\t\t<div class=\"elementor-widget-container\">\n\t\t\t\t\t<h3 class=\"elementor-heading-title elementor-size-default\">Matrimonio fantastico!<\/h3>\t\t\t\t<\/div>\n\t\t\t\t<\/div>\n\t\t\t\t<div class=\"elementor-element elementor-element-d067f27 elementor-widget elementor-widget-text-editor\" data-id=\"d067f27\" data-element_type=\"widget\" data-e-type=\"widget\" data-widget_type=\"text-editor.default\">\n\t\t\t\t<div class=\"elementor-widget-container\">\n\t\t\t\t\t\t\t\t\t<p>Matrimonio assolutamente fantastico, <strong>nel pieno rispetto della tradizione celtica<\/strong>, immersivo e molto coinvolgente.<br \/>La celebrante Annalisa \u00e8 stata davvero fantastica, disponibile e professionale e ci siamo trovati benissimo. <strong>Ha reso la giornata e la celebrazione<\/strong> <strong>indimenticabili<\/strong>. Consigliamo assolutamente a chiunque voglia avvicinarsi a questa meravigliosa esperienza di affidarsi ad Annalisa.<br \/>Che ringraziamo infinitamente<\/p>\t\t\t\t\t\t\t\t<\/div>\n\t\t\t\t<\/div>\n\t\t\t\t<div class=\"elementor-element elementor-element-097547b elementor-widget elementor-widget-image\" data-id=\"097547b\" data-element_type=\"widget\" data-e-type=\"widget\" data-widget_type=\"image.default\">\n\t\t\t\t<div class=\"elementor-widget-container\">\n\t\t\t\t\t\t\t\t\t\t\t\t\t\t\t<img loading=\"lazy\" decoding=\"async\" width=\"160\" height=\"160\" src=\"https:\/\/celebrante.annemeton.com\/wp-content\/uploads\/2023\/12\/massimo-katherine.jpg\" class=\"attachment-large size-large wp-image-1898\" alt=\"Massimo e Katherine\" srcset=\"https:\/\/celebrante.annemeton.com\/wp-content\/uploads\/2023\/12\/massimo-katherine.jpg 160w, https:\/\/celebrante.annemeton.com\/wp-content\/uploads\/2023\/12\/massimo-katherine-150x150.jpg 150w\" sizes=\"(max-width: 160px) 100vw, 160px\" \/>\t\t\t\t\t\t\t\t\t\t\t\t\t\t\t<\/div>\n\t\t\t\t<\/div>\n\t\t\t\t<div class=\"elementor-element elementor-element-547e831 elementor-star-rating--align-center elementor--star-style-star_unicode elementor-widget elementor-widget-star-rating\" data-id=\"547e831\" data-element_type=\"widget\" data-e-type=\"widget\" data-widget_type=\"star-rating.default\">\n\t\t\t\t<div class=\"elementor-widget-container\">\n\t\t\t\t\t\t\t<div class=\"elementor-star-rating__wrapper\">\n\t\t\t\t\t\t<div class=\"elementor-star-rating\" itemtype=\"http:\/\/schema.org\/Rating\" itemscope=\"\" itemprop=\"reviewRating\">\n\t\t\t\t<i class=\"elementor-star-full\" aria-hidden=\"true\">&#9734;<\/i><i class=\"elementor-star-full\" aria-hidden=\"true\">&#9734;<\/i><i class=\"elementor-star-full\" aria-hidden=\"true\">&#9734;<\/i><i class=\"elementor-star-full\" aria-hidden=\"true\">&#9734;<\/i><i class=\"elementor-star-full\" aria-hidden=\"true\">&#9734;<\/i>\t\t\t\t<span itemprop=\"ratingValue\" class=\"elementor-screen-only\">Valutazione 5 su 5<\/span>\n\t\t\t<\/div>\n\t\t<\/div>\n\t\t\t\t\t\t<\/div>\n\t\t\t\t<\/div>\n\t\t\t\t<div class=\"elementor-element elementor-element-5b27360 elementor-widget elementor-widget-heading\" data-id=\"5b27360\" data-element_type=\"widget\" data-e-type=\"widget\" data-widget_type=\"heading.default\">\n\t\t\t\t<div class=\"elementor-widget-container\">\n\t\t\t\t\t<h4 class=\"elementor-heading-title elementor-size-medium\">Massimo &amp; Katherine<\/h4>\t\t\t\t<\/div>\n\t\t\t\t<\/div>\n\t\t\t\t<div class=\"elementor-element elementor-element-9bdc392 elementor-widget elementor-widget-heading\" data-id=\"9bdc392\" data-element_type=\"widget\" data-e-type=\"widget\" data-widget_type=\"heading.default\">\n\t\t\t\t<div class=\"elementor-widget-container\">\n\t\t\t\t\t<div class=\"elementor-heading-title elementor-size-default\">Matrimonio Celtico Scozzese, Agriturismo Cascina Conta, Magenta, MI<\/div>\t\t\t\t<\/div>\n\t\t\t\t<\/div>\n\t\t\t\t<\/div>\n\t\t<div class=\"elementor-element elementor-element-96b58bd e-con-full animated-slow recensione-box e-flex elementor-invisible e-con e-child\" data-id=\"96b58bd\" data-element_type=\"container\" data-e-type=\"container\" data-settings=\"{&quot;animation&quot;:&quot;fadeIn&quot;}\">\n\t\t\t\t<div class=\"elementor-element elementor-element-0829231 elementor-widget elementor-widget-heading\" data-id=\"0829231\" data-element_type=\"widget\" data-e-type=\"widget\" data-widget_type=\"heading.default\">\n\t\t\t\t<div class=\"elementor-widget-container\">\n\t\t\t\t\t<h3 class=\"elementor-heading-title elementor-size-default\">Un'esperienza davvero meravigliosa!!!<\/h3>\t\t\t\t<\/div>\n\t\t\t\t<\/div>\n\t\t\t\t<div class=\"elementor-element elementor-element-01cf447 elementor-widget elementor-widget-text-editor\" data-id=\"01cf447\" data-element_type=\"widget\" data-e-type=\"widget\" data-widget_type=\"text-editor.default\">\n\t\t\t\t<div class=\"elementor-widget-container\">\n\t\t\t\t\t\t\t\t\t<p>\u00c8 stata una <strong>cerimonia magica<\/strong>, piena di sentimento e tenerezza.<br \/>Grazie ad Annalisa abbiamo potuto celebrare <strong>in modo unico<\/strong> il nostro Amore.<br \/>Per questo le siamo immensamente grati!<\/p>\t\t\t\t\t\t\t\t<\/div>\n\t\t\t\t<\/div>\n\t\t\t\t<div class=\"elementor-element elementor-element-c1928da elementor-widget elementor-widget-image\" data-id=\"c1928da\" data-element_type=\"widget\" data-e-type=\"widget\" data-widget_type=\"image.default\">\n\t\t\t\t<div class=\"elementor-widget-container\">\n\t\t\t\t\t\t\t\t\t\t\t\t\t\t\t<img loading=\"lazy\" decoding=\"async\" width=\"468\" height=\"468\" src=\"https:\/\/celebrante.annemeton.com\/wp-content\/uploads\/2024\/02\/marcella-antonio.jpeg\" class=\"attachment-large size-large wp-image-2560\" alt=\"Marcella e Antonio\" srcset=\"https:\/\/celebrante.annemeton.com\/wp-content\/uploads\/2024\/02\/marcella-antonio.jpeg 468w, https:\/\/celebrante.annemeton.com\/wp-content\/uploads\/2024\/02\/marcella-antonio-300x300.jpeg 300w, https:\/\/celebrante.annemeton.com\/wp-content\/uploads\/2024\/02\/marcella-antonio-150x150.jpeg 150w\" sizes=\"(max-width: 468px) 100vw, 468px\" \/>\t\t\t\t\t\t\t\t\t\t\t\t\t\t\t<\/div>\n\t\t\t\t<\/div>\n\t\t\t\t<div class=\"elementor-element elementor-element-4aaf0b1 elementor-star-rating--align-center elementor--star-style-star_unicode elementor-widget elementor-widget-star-rating\" data-id=\"4aaf0b1\" data-element_type=\"widget\" data-e-type=\"widget\" data-widget_type=\"star-rating.default\">\n\t\t\t\t<div class=\"elementor-widget-container\">\n\t\t\t\t\t\t\t<div class=\"elementor-star-rating__wrapper\">\n\t\t\t\t\t\t<div class=\"elementor-star-rating\" itemtype=\"http:\/\/schema.org\/Rating\" itemscope=\"\" itemprop=\"reviewRating\">\n\t\t\t\t<i class=\"elementor-star-full\" aria-hidden=\"true\">&#9734;<\/i><i class=\"elementor-star-full\" aria-hidden=\"true\">&#9734;<\/i><i class=\"elementor-star-full\" aria-hidden=\"true\">&#9734;<\/i><i class=\"elementor-star-full\" aria-hidden=\"true\">&#9734;<\/i><i class=\"elementor-star-full\" aria-hidden=\"true\">&#9734;<\/i>\t\t\t\t<span itemprop=\"ratingValue\" class=\"elementor-screen-only\">Valutazione 5 su 5<\/span>\n\t\t\t<\/div>\n\t\t<\/div>\n\t\t\t\t\t\t<\/div>\n\t\t\t\t<\/div>\n\t\t\t\t<div class=\"elementor-element elementor-element-d2ed12b elementor-widget elementor-widget-heading\" data-id=\"d2ed12b\" data-element_type=\"widget\" data-e-type=\"widget\" data-widget_type=\"heading.default\">\n\t\t\t\t<div class=\"elementor-widget-container\">\n\t\t\t\t\t<h4 class=\"elementor-heading-title elementor-size-medium\">Marcella &amp;  Antonio<\/h4>\t\t\t\t<\/div>\n\t\t\t\t<\/div>\n\t\t\t\t<div class=\"elementor-element elementor-element-bdc8284 elementor-widget elementor-widget-heading\" data-id=\"bdc8284\" data-element_type=\"widget\" data-e-type=\"widget\" data-widget_type=\"heading.default\">\n\t\t\t\t<div class=\"elementor-widget-container\">\n\t\t\t\t\t<div class=\"elementor-heading-title elementor-size-default\">Matrimonio Celtico con riconferma del 25 Anniversario di matrimonio, Campagne di Canzo, LC<\/div>\t\t\t\t<\/div>\n\t\t\t\t<\/div>\n\t\t\t\t<\/div>\n\t\t<div class=\"elementor-element elementor-element-66f8135 e-con-full animated-slow recensione-box e-flex elementor-invisible e-con e-child\" data-id=\"66f8135\" data-element_type=\"container\" data-e-type=\"container\" data-settings=\"{&quot;animation&quot;:&quot;fadeIn&quot;}\">\n\t\t\t\t<div class=\"elementor-element elementor-element-1da9e60 elementor-widget elementor-widget-heading\" data-id=\"1da9e60\" data-element_type=\"widget\" data-e-type=\"widget\" data-widget_type=\"heading.default\">\n\t\t\t\t<div class=\"elementor-widget-container\">\n\t\t\t\t\t<h3 class=\"elementor-heading-title elementor-size-default\">Favola diventata realt\u00e0\n\n<\/h3>\t\t\t\t<\/div>\n\t\t\t\t<\/div>\n\t\t\t\t<div class=\"elementor-element elementor-element-7abc520 elementor-widget elementor-widget-text-editor\" data-id=\"7abc520\" data-element_type=\"widget\" data-e-type=\"widget\" data-widget_type=\"text-editor.default\">\n\t\t\t\t<div class=\"elementor-widget-container\">\n\t\t\t\t\t\t\t\t\t<p class=\"adminReviewsItem__description adminReviewsItem__description--scroll\">Celebrazione meravigliosa. Annemeton sempre attenta a tutti i dettagli. Il nostro handfasting \u00e8 stato come sempre lo avevo immaginato.<\/p><p class=\"adminReviewsItem__description adminReviewsItem__description--scroll\">Grazie mille Annemeton<\/p>\t\t\t\t\t\t\t\t<\/div>\n\t\t\t\t<\/div>\n\t\t\t\t<div class=\"elementor-element elementor-element-6c60461 elementor-widget elementor-widget-image\" data-id=\"6c60461\" data-element_type=\"widget\" data-e-type=\"widget\" data-widget_type=\"image.default\">\n\t\t\t\t<div class=\"elementor-widget-container\">\n\t\t\t\t\t\t\t\t\t\t\t\t\t\t\t<img loading=\"lazy\" decoding=\"async\" width=\"150\" height=\"150\" src=\"https:\/\/celebrante.annemeton.com\/wp-content\/uploads\/2024\/11\/PHOTO-2024-10-09-19-38-58-150x150.jpg\" class=\"attachment-thumbnail size-thumbnail wp-image-3498\" alt=\"Matrimonio celtico scozzese nel bosco\" \/>\t\t\t\t\t\t\t\t\t\t\t\t\t\t\t<\/div>\n\t\t\t\t<\/div>\n\t\t\t\t<div class=\"elementor-element elementor-element-7de394d elementor-star-rating--align-center elementor--star-style-star_unicode elementor-widget elementor-widget-star-rating\" data-id=\"7de394d\" data-element_type=\"widget\" data-e-type=\"widget\" data-widget_type=\"star-rating.default\">\n\t\t\t\t<div class=\"elementor-widget-container\">\n\t\t\t\t\t\t\t<div class=\"elementor-star-rating__wrapper\">\n\t\t\t\t\t\t<div class=\"elementor-star-rating\" itemtype=\"http:\/\/schema.org\/Rating\" itemscope=\"\" itemprop=\"reviewRating\">\n\t\t\t\t<i class=\"elementor-star-full\" aria-hidden=\"true\">&#9734;<\/i><i class=\"elementor-star-full\" aria-hidden=\"true\">&#9734;<\/i><i class=\"elementor-star-full\" aria-hidden=\"true\">&#9734;<\/i><i class=\"elementor-star-full\" aria-hidden=\"true\">&#9734;<\/i><i class=\"elementor-star-full\" aria-hidden=\"true\">&#9734;<\/i>\t\t\t\t<span itemprop=\"ratingValue\" class=\"elementor-screen-only\">Valutazione 5 su 5<\/span>\n\t\t\t<\/div>\n\t\t<\/div>\n\t\t\t\t\t\t<\/div>\n\t\t\t\t<\/div>\n\t\t\t\t<div class=\"elementor-element elementor-element-89a3653 elementor-widget elementor-widget-heading\" data-id=\"89a3653\" data-element_type=\"widget\" data-e-type=\"widget\" data-widget_type=\"heading.default\">\n\t\t\t\t<div class=\"elementor-widget-container\">\n\t\t\t\t\t<h4 class=\"elementor-heading-title elementor-size-medium\">Carmen &amp; Simone<\/h4>\t\t\t\t<\/div>\n\t\t\t\t<\/div>\n\t\t\t\t<div class=\"elementor-element elementor-element-9b296ad elementor-widget elementor-widget-heading\" data-id=\"9b296ad\" data-element_type=\"widget\" data-e-type=\"widget\" data-widget_type=\"heading.default\">\n\t\t\t\t<div class=\"elementor-widget-container\">\n\t\t\t\t\t<div class=\"elementor-heading-title elementor-size-default\">Matrimonio Celtico con riconferma di nozze, Parco del Ticino, MI<\/div>\t\t\t\t<\/div>\n\t\t\t\t<\/div>\n\t\t\t\t<\/div>\n\t\t<div class=\"elementor-element elementor-element-db039bb e-con-full animated-slow recensione-box e-flex elementor-invisible e-con e-child\" data-id=\"db039bb\" data-element_type=\"container\" data-e-type=\"container\" data-settings=\"{&quot;animation&quot;:&quot;fadeIn&quot;}\">\n\t\t\t\t<div class=\"elementor-element elementor-element-fecd62d elementor-widget elementor-widget-heading\" data-id=\"fecd62d\" data-element_type=\"widget\" data-e-type=\"widget\" data-widget_type=\"heading.default\">\n\t\t\t\t<div class=\"elementor-widget-container\">\n\t\t\t\t\t<h3 class=\"elementor-heading-title elementor-size-default\">Un giorno Speciale \n<\/h3>\t\t\t\t<\/div>\n\t\t\t\t<\/div>\n\t\t\t\t<div class=\"elementor-element elementor-element-3f5dbf7 elementor-widget elementor-widget-text-editor\" data-id=\"3f5dbf7\" data-element_type=\"widget\" data-e-type=\"widget\" data-widget_type=\"text-editor.default\">\n\t\t\t\t<div class=\"elementor-widget-container\">\n\t\t\t\t\t\t\t\t\t<p>Il matrimonio \u00e8 un momento speciale e magico.<br \/>Trovare una persona capace di <strong>renderlo unico<\/strong> non \u00e8 cosa di tutti i giorni.<br \/>Credevamo di aver incontrato Annemeton casualmente ma ora, siamo certi, non \u00e8 stato un caso.<br \/>E&#8217; <strong>stato un segno del destino<\/strong>, che ha voluto rendere il nostro <strong>matrimonio speciale, magico, unico ed indimenticabile.<\/strong><\/p><p>Grazie Annemeton!!!!<\/p>\t\t\t\t\t\t\t\t<\/div>\n\t\t\t\t<\/div>\n\t\t\t\t<div class=\"elementor-element elementor-element-cad17b5 elementor-widget elementor-widget-image\" data-id=\"cad17b5\" data-element_type=\"widget\" data-e-type=\"widget\" data-widget_type=\"image.default\">\n\t\t\t\t<div class=\"elementor-widget-container\">\n\t\t\t\t\t\t\t\t\t\t\t\t\t\t\t<img loading=\"lazy\" decoding=\"async\" width=\"150\" height=\"150\" src=\"https:\/\/celebrante.annemeton.com\/wp-content\/uploads\/2024\/08\/PHOTO-2024-07-07-18-50-16-e1724403646329-150x150.jpg\" class=\"attachment-thumbnail size-thumbnail wp-image-3400\" alt=\"\" \/>\t\t\t\t\t\t\t\t\t\t\t\t\t\t\t<\/div>\n\t\t\t\t<\/div>\n\t\t\t\t<div class=\"elementor-element elementor-element-ad5d36b elementor-star-rating--align-center elementor--star-style-star_unicode elementor-widget elementor-widget-star-rating\" data-id=\"ad5d36b\" data-element_type=\"widget\" data-e-type=\"widget\" data-widget_type=\"star-rating.default\">\n\t\t\t\t<div class=\"elementor-widget-container\">\n\t\t\t\t\t\t\t<div class=\"elementor-star-rating__wrapper\">\n\t\t\t\t\t\t<div class=\"elementor-star-rating\" itemtype=\"http:\/\/schema.org\/Rating\" itemscope=\"\" itemprop=\"reviewRating\">\n\t\t\t\t<i class=\"elementor-star-full\" aria-hidden=\"true\">&#9734;<\/i><i class=\"elementor-star-full\" aria-hidden=\"true\">&#9734;<\/i><i class=\"elementor-star-full\" aria-hidden=\"true\">&#9734;<\/i><i class=\"elementor-star-full\" aria-hidden=\"true\">&#9734;<\/i><i class=\"elementor-star-full\" aria-hidden=\"true\">&#9734;<\/i>\t\t\t\t<span itemprop=\"ratingValue\" class=\"elementor-screen-only\">Valutazione 5 su 5<\/span>\n\t\t\t<\/div>\n\t\t<\/div>\n\t\t\t\t\t\t<\/div>\n\t\t\t\t<\/div>\n\t\t\t\t<div class=\"elementor-element elementor-element-db37e77 elementor-widget elementor-widget-heading\" data-id=\"db37e77\" data-element_type=\"widget\" data-e-type=\"widget\" data-widget_type=\"heading.default\">\n\t\t\t\t<div class=\"elementor-widget-container\">\n\t\t\t\t\t<h4 class=\"elementor-heading-title elementor-size-medium\">Sara &amp; Paolo<\/h4>\t\t\t\t<\/div>\n\t\t\t\t<\/div>\n\t\t\t\t<div class=\"elementor-element elementor-element-868275e elementor-widget elementor-widget-heading\" data-id=\"868275e\" data-element_type=\"widget\" data-e-type=\"widget\" data-widget_type=\"heading.default\">\n\t\t\t\t<div class=\"elementor-widget-container\">\n\t\t\t\t\t<div class=\"elementor-heading-title elementor-size-default\">Matrimonio Simbolico si Vivai di San Nicola, Rodengo Saiano (BS)<\/div>\t\t\t\t<\/div>\n\t\t\t\t<\/div>\n\t\t\t\t<\/div>\n\t\t<div class=\"elementor-element elementor-element-bd7188b e-con-full animated-slow recensione-box e-flex elementor-invisible e-con e-child\" data-id=\"bd7188b\" data-element_type=\"container\" data-e-type=\"container\" data-settings=\"{&quot;animation&quot;:&quot;fadeIn&quot;}\">\n\t\t\t\t<div class=\"elementor-element elementor-element-44a6a54 elementor-widget elementor-widget-heading\" data-id=\"44a6a54\" data-element_type=\"widget\" data-e-type=\"widget\" data-widget_type=\"heading.default\">\n\t\t\t\t<div class=\"elementor-widget-container\">\n\t\t\t\t\t<h3 class=\"elementor-heading-title elementor-size-default\">Un'EsPERIEnza Indimenticabile!\n<\/h3>\t\t\t\t<\/div>\n\t\t\t\t<\/div>\n\t\t\t\t<div class=\"elementor-element elementor-element-8f1cd4e elementor-widget elementor-widget-text-editor\" data-id=\"8f1cd4e\" data-element_type=\"widget\" data-e-type=\"widget\" data-widget_type=\"text-editor.default\">\n\t\t\t\t<div class=\"elementor-widget-container\">\n\t\t\t\t\t\t\t\t\t<p><span style=\"font-style: inherit; font-weight: inherit; background-color: var( --e-global-color-astglobalcolor5 ); text-align: var(--text-align); color: var(--ast-global-color-2);\">Era la quarta volta che io e mio marito facevamo una cerimonia per celebrare la nostra unione (s\u00ec, ci piace sposarci) e <strong>Annemeton \u00e8 riuscita a creare un&#8217;atmosfera unica<\/strong> che ci ha fatto battere il cuore come se fosse il nostro primo matrimonio. Ha anche <strong>presentato al mondo nostro figlio<\/strong>, con una cerimonia e una benedizione<strong> fortemente personalizzate<\/strong>. <\/span><span style=\"font-style: inherit; font-weight: inherit; background-color: var( --e-global-color-astglobalcolor5 ); text-align: var(--text-align); color: var(--ast-global-color-2);\">La <strong>cura<\/strong> nel preparare ogni dettaglio, la <strong>disponibilit\u00e0<\/strong> nel venire incontro ai nostri desideri, il <strong>genuino desiderio di conoscerci<\/strong> e onorare al meglio la nostra famiglia ci hanno colpito molto. Ha avuto anche la gentilezza di accoglierci nella sua <strong>magica tenuta<\/strong> quando abbiamo avuto problemi a trovare una location adatta. Ci ha conquistato e il ricordo di quel giorno rester\u00e0 per sempre insieme a noi.<\/span><\/p>\t\t\t\t\t\t\t\t<\/div>\n\t\t\t\t<\/div>\n\t\t\t\t<div class=\"elementor-element elementor-element-ab178cc elementor-widget elementor-widget-image\" data-id=\"ab178cc\" data-element_type=\"widget\" data-e-type=\"widget\" data-widget_type=\"image.default\">\n\t\t\t\t<div class=\"elementor-widget-container\">\n\t\t\t\t\t\t\t\t\t\t\t\t\t\t\t<img loading=\"lazy\" decoding=\"async\" width=\"150\" height=\"150\" src=\"https:\/\/celebrante.annemeton.com\/wp-content\/uploads\/2024\/11\/SGS-139-150x150.jpg\" class=\"attachment-thumbnail size-thumbnail wp-image-3510\" alt=\"\" \/>\t\t\t\t\t\t\t\t\t\t\t\t\t\t\t<\/div>\n\t\t\t\t<\/div>\n\t\t\t\t<div class=\"elementor-element elementor-element-26a0e60 elementor-star-rating--align-center elementor--star-style-star_unicode elementor-widget elementor-widget-star-rating\" data-id=\"26a0e60\" data-element_type=\"widget\" data-e-type=\"widget\" data-widget_type=\"star-rating.default\">\n\t\t\t\t<div class=\"elementor-widget-container\">\n\t\t\t\t\t\t\t<div class=\"elementor-star-rating__wrapper\">\n\t\t\t\t\t\t<div class=\"elementor-star-rating\" itemtype=\"http:\/\/schema.org\/Rating\" itemscope=\"\" itemprop=\"reviewRating\">\n\t\t\t\t<i class=\"elementor-star-full\" aria-hidden=\"true\">&#9734;<\/i><i class=\"elementor-star-full\" aria-hidden=\"true\">&#9734;<\/i><i class=\"elementor-star-full\" aria-hidden=\"true\">&#9734;<\/i><i class=\"elementor-star-full\" aria-hidden=\"true\">&#9734;<\/i><i class=\"elementor-star-full\" aria-hidden=\"true\">&#9734;<\/i>\t\t\t\t<span itemprop=\"ratingValue\" class=\"elementor-screen-only\">Valutazione 5 su 5<\/span>\n\t\t\t<\/div>\n\t\t<\/div>\n\t\t\t\t\t\t<\/div>\n\t\t\t\t<\/div>\n\t\t\t\t<div class=\"elementor-element elementor-element-6970c1c elementor-widget elementor-widget-heading\" data-id=\"6970c1c\" data-element_type=\"widget\" data-e-type=\"widget\" data-widget_type=\"heading.default\">\n\t\t\t\t<div class=\"elementor-widget-container\">\n\t\t\t\t\t<h4 class=\"elementor-heading-title elementor-size-medium\">Ren &amp; Guglielmo<\/h4>\t\t\t\t<\/div>\n\t\t\t\t<\/div>\n\t\t\t\t<div class=\"elementor-element elementor-element-703c167 elementor-widget elementor-widget-heading\" data-id=\"703c167\" data-element_type=\"widget\" data-e-type=\"widget\" data-widget_type=\"heading.default\">\n\t\t\t\t<div class=\"elementor-widget-container\">\n\t\t\t\t\t<div class=\"elementor-heading-title elementor-size-default\">Matrimonio Celtico con riconferma di nozze, Contea Annemeton, MI<\/div>\t\t\t\t<\/div>\n\t\t\t\t<\/div>\n\t\t\t\t<\/div>\n\t\t\t\t<\/div>\n\t\t<div class=\"elementor-element elementor-element-2e8d8bc e-con-full animated-slow recensione-box e-flex elementor-invisible e-con e-child\" data-id=\"2e8d8bc\" data-element_type=\"container\" data-e-type=\"container\" data-settings=\"{&quot;animation&quot;:&quot;fadeIn&quot;}\">\n\t\t\t\t<div class=\"elementor-element elementor-element-c69a787 elementor-widget elementor-widget-heading\" data-id=\"c69a787\" data-element_type=\"widget\" data-e-type=\"widget\" data-widget_type=\"heading.default\">\n\t\t\t\t<div class=\"elementor-widget-container\">\n\t\t\t\t\t<h3 class=\"elementor-heading-title elementor-size-default\">Matrimonio celtico nel solstizio d' estate<\/h3>\t\t\t\t<\/div>\n\t\t\t\t<\/div>\n\t\t\t\t<div class=\"elementor-element elementor-element-56a7d77 elementor-widget elementor-widget-text-editor\" data-id=\"56a7d77\" data-element_type=\"widget\" data-e-type=\"widget\" data-widget_type=\"text-editor.default\">\n\t\t\t\t<div class=\"elementor-widget-container\">\n\t\t\t\t\t\t\t\t\t<p>In un anno 9, dopo 7 anni di amore e convivenza, abbiamo deciso di legarci le mani nel giorno di Litha, il giorno pi\u00f9 lungo. E quel giorno sacro \u00e8 stato reso unico da Annemeton che, con il suo amore, dedizione e profonda convinzione ha benedetto la nostra unione davanti ad amici e parenti e soprattutto davanti alla Natura. Il cerchio rester\u00e0 nel nostro giardino e le sue parole e sorrisi nei nostri cuori. Grazie. Tapadh leibh<\/p>\t\t\t\t\t\t\t\t<\/div>\n\t\t\t\t<\/div>\n\t\t\t\t<div class=\"elementor-element elementor-element-167d3f0 elementor-widget elementor-widget-image\" data-id=\"167d3f0\" data-element_type=\"widget\" data-e-type=\"widget\" data-widget_type=\"image.default\">\n\t\t\t\t<div class=\"elementor-widget-container\">\n\t\t\t\t\t\t\t\t\t\t\t\t\t\t\t<img loading=\"lazy\" decoding=\"async\" width=\"150\" height=\"150\" src=\"https:\/\/celebrante.annemeton.com\/wp-content\/uploads\/2026\/04\/4Q1A5066-150x150.jpg\" class=\"attachment-thumbnail size-thumbnail wp-image-4066\" alt=\"Matrimonio celtico in natura a giugno\" \/>\t\t\t\t\t\t\t\t\t\t\t\t\t\t\t<\/div>\n\t\t\t\t<\/div>\n\t\t\t\t<div class=\"elementor-element elementor-element-5d71dd3 elementor-star-rating--align-center elementor--star-style-star_unicode elementor-widget elementor-widget-star-rating\" data-id=\"5d71dd3\" data-element_type=\"widget\" data-e-type=\"widget\" data-widget_type=\"star-rating.default\">\n\t\t\t\t<div class=\"elementor-widget-container\">\n\t\t\t\t\t\t\t<div class=\"elementor-star-rating__wrapper\">\n\t\t\t\t\t\t<div class=\"elementor-star-rating\" itemtype=\"http:\/\/schema.org\/Rating\" itemscope=\"\" itemprop=\"reviewRating\">\n\t\t\t\t<i class=\"elementor-star-full\" aria-hidden=\"true\">&#9734;<\/i><i class=\"elementor-star-full\" aria-hidden=\"true\">&#9734;<\/i><i class=\"elementor-star-full\" aria-hidden=\"true\">&#9734;<\/i><i class=\"elementor-star-full\" aria-hidden=\"true\">&#9734;<\/i><i class=\"elementor-star-full\" aria-hidden=\"true\">&#9734;<\/i>\t\t\t\t<span itemprop=\"ratingValue\" class=\"elementor-screen-only\">Valutazione 5 su 5<\/span>\n\t\t\t<\/div>\n\t\t<\/div>\n\t\t\t\t\t\t<\/div>\n\t\t\t\t<\/div>\n\t\t\t\t<div class=\"elementor-element elementor-element-3750262 elementor-widget elementor-widget-heading\" data-id=\"3750262\" data-element_type=\"widget\" data-e-type=\"widget\" data-widget_type=\"heading.default\">\n\t\t\t\t<div class=\"elementor-widget-container\">\n\t\t\t\t\t<h4 class=\"elementor-heading-title elementor-size-medium\">Rosella &amp; Fulvio<\/h4>\t\t\t\t<\/div>\n\t\t\t\t<\/div>\n\t\t\t\t<div class=\"elementor-element elementor-element-ce84d83 elementor-widget elementor-widget-heading\" data-id=\"ce84d83\" data-element_type=\"widget\" data-e-type=\"widget\" data-widget_type=\"heading.default\">\n\t\t\t\t<div class=\"elementor-widget-container\">\n\t\t\t\t\t<div class=\"elementor-heading-title elementor-size-default\">Matrimonio Celtico nella loro tenuta, Grondona (AL)<\/div>\t\t\t\t<\/div>\n\t\t\t\t<\/div>\n\t\t\t\t<\/div>\n\t\t<div class=\"elementor-element elementor-element-7806a48 e-con-full e-flex e-con e-child\" data-id=\"7806a48\" data-element_type=\"container\" data-e-type=\"container\">\n\t\t<div class=\"elementor-element elementor-element-9505a63 e-con-full animated-slow recensione-box e-flex elementor-invisible e-con e-child\" data-id=\"9505a63\" data-element_type=\"container\" data-e-type=\"container\" data-settings=\"{&quot;animation&quot;:&quot;fadeIn&quot;}\">\n\t\t\t\t<div class=\"elementor-element elementor-element-f3e2f0e elementor-widget elementor-widget-heading\" data-id=\"f3e2f0e\" data-element_type=\"widget\" data-e-type=\"widget\" data-widget_type=\"heading.default\">\n\t\t\t\t<div class=\"elementor-widget-container\">\n\t\t\t\t\t<h3 class=\"elementor-heading-title elementor-size-default\">Una giornata indimenticabile<\/h3>\t\t\t\t<\/div>\n\t\t\t\t<\/div>\n\t\t\t\t<div class=\"elementor-element elementor-element-d9e8e97 elementor-widget elementor-widget-text-editor\" data-id=\"d9e8e97\" data-element_type=\"widget\" data-e-type=\"widget\" data-widget_type=\"text-editor.default\">\n\t\t\t\t<div class=\"elementor-widget-container\">\n\t\t\t\t\t\t\t\t\t<p>La cerimonia \u00e8 stata meravigliosa e intensa, <strong>molto<\/strong> <strong>sopra le aspettative<\/strong>.<br \/>Annemeton ci ha fatto sentire a nostro agio adattandosi alle nostre esigenze e richieste particolari (cambiando addirittura data all&#8217;ultimo causa maltempo).<br \/>La giornata \u00e8 stata davvero <strong>magica ed emozionante<\/strong>, un ricordo che terremo sempre nel nostro cuore.<br \/>Un ringraziamento aggiuntivo va anche al fotografo Saverio, che con la sua simpatia ha allentato la tensione e durante la cerimonia \u00e8 riuscito a farci delle<strong> bellissime foto<\/strong> senza mai rompere la magia.<\/p>\t\t\t\t\t\t\t\t<\/div>\n\t\t\t\t<\/div>\n\t\t\t\t<div class=\"elementor-element elementor-element-0630305 elementor-widget elementor-widget-image\" data-id=\"0630305\" data-element_type=\"widget\" data-e-type=\"widget\" data-widget_type=\"image.default\">\n\t\t\t\t<div class=\"elementor-widget-container\">\n\t\t\t\t\t\t\t\t\t\t\t\t\t\t\t<img loading=\"lazy\" decoding=\"async\" width=\"160\" height=\"160\" src=\"https:\/\/celebrante.annemeton.com\/wp-content\/uploads\/2023\/12\/nicola-chiara.jpg\" class=\"attachment-large size-large wp-image-1896\" alt=\"Nicola e Chiara Evelopment\" srcset=\"https:\/\/celebrante.annemeton.com\/wp-content\/uploads\/2023\/12\/nicola-chiara.jpg 160w, https:\/\/celebrante.annemeton.com\/wp-content\/uploads\/2023\/12\/nicola-chiara-150x150.jpg 150w\" sizes=\"(max-width: 160px) 100vw, 160px\" \/>\t\t\t\t\t\t\t\t\t\t\t\t\t\t\t<\/div>\n\t\t\t\t<\/div>\n\t\t\t\t<div class=\"elementor-element elementor-element-c7fcb23 elementor-star-rating--align-center elementor--star-style-star_unicode elementor-widget elementor-widget-star-rating\" data-id=\"c7fcb23\" data-element_type=\"widget\" data-e-type=\"widget\" data-widget_type=\"star-rating.default\">\n\t\t\t\t<div class=\"elementor-widget-container\">\n\t\t\t\t\t\t\t<div class=\"elementor-star-rating__wrapper\">\n\t\t\t\t\t\t<div class=\"elementor-star-rating\" itemtype=\"http:\/\/schema.org\/Rating\" itemscope=\"\" itemprop=\"reviewRating\">\n\t\t\t\t<i class=\"elementor-star-full\" aria-hidden=\"true\">&#9734;<\/i><i class=\"elementor-star-full\" aria-hidden=\"true\">&#9734;<\/i><i class=\"elementor-star-full\" aria-hidden=\"true\">&#9734;<\/i><i class=\"elementor-star-full\" aria-hidden=\"true\">&#9734;<\/i><i class=\"elementor-star-full\" aria-hidden=\"true\">&#9734;<\/i>\t\t\t\t<span itemprop=\"ratingValue\" class=\"elementor-screen-only\">Valutazione 5 su 5<\/span>\n\t\t\t<\/div>\n\t\t<\/div>\n\t\t\t\t\t\t<\/div>\n\t\t\t\t<\/div>\n\t\t\t\t<div class=\"elementor-element elementor-element-486e231 elementor-widget elementor-widget-heading\" data-id=\"486e231\" data-element_type=\"widget\" data-e-type=\"widget\" data-widget_type=\"heading.default\">\n\t\t\t\t<div class=\"elementor-widget-container\">\n\t\t\t\t\t<h4 class=\"elementor-heading-title elementor-size-medium\">Chiara &amp; Nicola<\/h4>\t\t\t\t<\/div>\n\t\t\t\t<\/div>\n\t\t\t\t<div class=\"elementor-element elementor-element-66b629d elementor-widget elementor-widget-heading\" data-id=\"66b629d\" data-element_type=\"widget\" data-e-type=\"widget\" data-widget_type=\"heading.default\">\n\t\t\t\t<div class=\"elementor-widget-container\">\n\t\t\t\t\t<div class=\"elementor-heading-title elementor-size-default\">Matrimonio Evelopment nei Boschi del Lario\n<\/div>\t\t\t\t<\/div>\n\t\t\t\t<\/div>\n\t\t\t\t<\/div>\n\t\t<div class=\"elementor-element elementor-element-004949d e-con-full animated-slow recensione-box e-flex elementor-invisible e-con e-child\" data-id=\"004949d\" data-element_type=\"container\" data-e-type=\"container\" data-settings=\"{&quot;animation&quot;:&quot;fadeIn&quot;}\">\n\t\t\t\t<div class=\"elementor-element elementor-element-2836b6f elementor-widget elementor-widget-heading\" data-id=\"2836b6f\" data-element_type=\"widget\" data-e-type=\"widget\" data-widget_type=\"heading.default\">\n\t\t\t\t<div class=\"elementor-widget-container\">\n\t\t\t\t\t<h3 class=\"elementor-heading-title elementor-size-default\">Celebriamo sempre e volentieri il rinnovo dei nostri voti con Annalisa, \u00e8 tutto perfetto!\n<\/h3>\t\t\t\t<\/div>\n\t\t\t\t<\/div>\n\t\t\t\t<div class=\"elementor-element elementor-element-fadef62 elementor-widget elementor-widget-text-editor\" data-id=\"fadef62\" data-element_type=\"widget\" data-e-type=\"widget\" data-widget_type=\"text-editor.default\">\n\t\t\t\t<div class=\"elementor-widget-container\">\n\t\t\t\t\t\t\t\t\t<p>Annalisa sa dimostrare <strong>professionalit\u00e0<\/strong> e capacit\u00e0 <strong>empatica<\/strong> per ogni sua celebrazione dell&#8217;Handfasting. Lo abbiamo fatto diverse volte con lei questo rituale e possiamo solo ritenerci molto pi\u00f9 che soddisfatti. La passione, <strong>l&#8217;amore che mette nella sua attivit\u00e0<\/strong> traspare nella dovizia che mette nel suo impegno delle celebrazioni e dei suoi manufatti. Ormai \u00e8 il nostro sciamano di fiducia, anzi l&#8217;Unico!<\/p>\t\t\t\t\t\t\t\t<\/div>\n\t\t\t\t<\/div>\n\t\t\t\t<div class=\"elementor-element elementor-element-75f526c elementor-widget elementor-widget-image\" data-id=\"75f526c\" data-element_type=\"widget\" data-e-type=\"widget\" data-widget_type=\"image.default\">\n\t\t\t\t<div class=\"elementor-widget-container\">\n\t\t\t\t\t\t\t\t\t\t\t\t\t\t\t<img loading=\"lazy\" decoding=\"async\" width=\"609\" height=\"609\" src=\"https:\/\/celebrante.annemeton.com\/wp-content\/uploads\/2024\/02\/ambra-luigi.jpg\" class=\"attachment-large size-large wp-image-2561\" alt=\"Ambra e Luigi\" srcset=\"https:\/\/celebrante.annemeton.com\/wp-content\/uploads\/2024\/02\/ambra-luigi.jpg 609w, https:\/\/celebrante.annemeton.com\/wp-content\/uploads\/2024\/02\/ambra-luigi-300x300.jpg 300w, https:\/\/celebrante.annemeton.com\/wp-content\/uploads\/2024\/02\/ambra-luigi-150x150.jpg 150w\" sizes=\"(max-width: 609px) 100vw, 609px\" \/>\t\t\t\t\t\t\t\t\t\t\t\t\t\t\t<\/div>\n\t\t\t\t<\/div>\n\t\t\t\t<div class=\"elementor-element elementor-element-0139391 elementor-star-rating--align-center elementor--star-style-star_unicode elementor-widget elementor-widget-star-rating\" data-id=\"0139391\" data-element_type=\"widget\" data-e-type=\"widget\" data-widget_type=\"star-rating.default\">\n\t\t\t\t<div class=\"elementor-widget-container\">\n\t\t\t\t\t\t\t<div class=\"elementor-star-rating__wrapper\">\n\t\t\t\t\t\t<div class=\"elementor-star-rating\" itemtype=\"http:\/\/schema.org\/Rating\" itemscope=\"\" itemprop=\"reviewRating\">\n\t\t\t\t<i class=\"elementor-star-full\" aria-hidden=\"true\">&#9734;<\/i><i class=\"elementor-star-full\" aria-hidden=\"true\">&#9734;<\/i><i class=\"elementor-star-full\" aria-hidden=\"true\">&#9734;<\/i><i class=\"elementor-star-full\" aria-hidden=\"true\">&#9734;<\/i><i class=\"elementor-star-full\" aria-hidden=\"true\">&#9734;<\/i>\t\t\t\t<span itemprop=\"ratingValue\" class=\"elementor-screen-only\">Valutazione 5 su 5<\/span>\n\t\t\t<\/div>\n\t\t<\/div>\n\t\t\t\t\t\t<\/div>\n\t\t\t\t<\/div>\n\t\t\t\t<div class=\"elementor-element elementor-element-14d7c8c elementor-widget elementor-widget-heading\" data-id=\"14d7c8c\" data-element_type=\"widget\" data-e-type=\"widget\" data-widget_type=\"heading.default\">\n\t\t\t\t<div class=\"elementor-widget-container\">\n\t\t\t\t\t<h4 class=\"elementor-heading-title elementor-size-medium\">Ambra &amp; Luigi<\/h4>\t\t\t\t<\/div>\n\t\t\t\t<\/div>\n\t\t\t\t<div class=\"elementor-element elementor-element-45598aa elementor-widget elementor-widget-heading\" data-id=\"45598aa\" data-element_type=\"widget\" data-e-type=\"widget\" data-widget_type=\"heading.default\">\n\t\t\t\t<div class=\"elementor-widget-container\">\n\t\t\t\t\t<div class=\"elementor-heading-title elementor-size-default\">Terzo Rinnovo con Rito Celtico dell'Unione, Grazzano Visconti, PC<\/div>\t\t\t\t<\/div>\n\t\t\t\t<\/div>\n\t\t\t\t<\/div>\n\t\t<div class=\"elementor-element elementor-element-4e55de6 e-con-full animated-slow recensione-box e-flex elementor-invisible e-con e-child\" data-id=\"4e55de6\" data-element_type=\"container\" data-e-type=\"container\" data-settings=\"{&quot;animation&quot;:&quot;fadeIn&quot;}\">\n\t\t\t\t<div class=\"elementor-element elementor-element-72659d8 elementor-widget elementor-widget-heading\" data-id=\"72659d8\" data-element_type=\"widget\" data-e-type=\"widget\" data-widget_type=\"heading.default\">\n\t\t\t\t<div class=\"elementor-widget-container\">\n\t\t\t\t\t<h3 class=\"elementor-heading-title elementor-size-default\">Dimensione Emozioni<\/h3>\t\t\t\t<\/div>\n\t\t\t\t<\/div>\n\t\t\t\t<div class=\"elementor-element elementor-element-a2fe873 elementor-widget elementor-widget-text-editor\" data-id=\"a2fe873\" data-element_type=\"widget\" data-e-type=\"widget\" data-widget_type=\"text-editor.default\">\n\t\t\t\t<div class=\"elementor-widget-container\">\n\t\t\t\t\t\t\t\t\t<p>Annemeton \u00e8 la <strong>Creatura ideale<\/strong> per chi desidera vivere istanti indimenticabili sospesi tra sogno e realt\u00e0, trasportati da vibrazioni che rievocano <strong>antiche pratiche<\/strong> riconducibili nelle nostre pi\u00f9 moderne anime&#8230;<br \/>Lei \u00e8 stata in grado di <strong>osservare oltre i nostri cuori<\/strong> e trovare il miglior modo di unirli nell&#8217; Amore applicando il suo <strong>stile fatato<\/strong> in ogni aspetto della nostra celebrazione, rincorrendo <strong>minuziosamente ogni nostra esigenza.<\/strong><br \/>La nostra personale esperienza con lei \u00e8 <strong>indescrivibile<\/strong> in poche righe poich\u00e9 immenso \u00e8 tutt&#8217;oggi ci\u00f2 che ne conserviamo, tra i ricordi e le emozioni, nostri e di tutti i partecipanti.<br \/>Nessuno esiti ad affidarsi a Lei e non se ne pentir\u00e0 mai!<\/p>\t\t\t\t\t\t\t\t<\/div>\n\t\t\t\t<\/div>\n\t\t\t\t<div class=\"elementor-element elementor-element-f0d71e4 elementor-widget elementor-widget-image\" data-id=\"f0d71e4\" data-element_type=\"widget\" data-e-type=\"widget\" data-widget_type=\"image.default\">\n\t\t\t\t<div class=\"elementor-widget-container\">\n\t\t\t\t\t\t\t\t\t\t\t\t\t\t\t<img loading=\"lazy\" decoding=\"async\" width=\"1024\" height=\"998\" src=\"https:\/\/celebrante.annemeton.com\/wp-content\/uploads\/2024\/08\/IMG_8715-2-1024x998.jpg\" class=\"attachment-large size-large wp-image-3414\" alt=\"Matrimonio in agriturismo\" srcset=\"https:\/\/celebrante.annemeton.com\/wp-content\/uploads\/2024\/08\/IMG_8715-2-1024x998.jpg 1024w, https:\/\/celebrante.annemeton.com\/wp-content\/uploads\/2024\/08\/IMG_8715-2-300x292.jpg 300w, https:\/\/celebrante.annemeton.com\/wp-content\/uploads\/2024\/08\/IMG_8715-2-768x749.jpg 768w, https:\/\/celebrante.annemeton.com\/wp-content\/uploads\/2024\/08\/IMG_8715-2-1536x1498.jpg 1536w, https:\/\/celebrante.annemeton.com\/wp-content\/uploads\/2024\/08\/IMG_8715-2-12x12.jpg 12w, https:\/\/celebrante.annemeton.com\/wp-content\/uploads\/2024\/08\/IMG_8715-2.jpg 1598w\" sizes=\"(max-width: 1024px) 100vw, 1024px\" \/>\t\t\t\t\t\t\t\t\t\t\t\t\t\t\t<\/div>\n\t\t\t\t<\/div>\n\t\t\t\t<div class=\"elementor-element elementor-element-042a70a elementor-star-rating--align-center elementor--star-style-star_unicode elementor-widget elementor-widget-star-rating\" data-id=\"042a70a\" data-element_type=\"widget\" data-e-type=\"widget\" data-widget_type=\"star-rating.default\">\n\t\t\t\t<div class=\"elementor-widget-container\">\n\t\t\t\t\t\t\t<div class=\"elementor-star-rating__wrapper\">\n\t\t\t\t\t\t<div class=\"elementor-star-rating\" itemtype=\"http:\/\/schema.org\/Rating\" itemscope=\"\" itemprop=\"reviewRating\">\n\t\t\t\t<i class=\"elementor-star-full\" aria-hidden=\"true\">&#9734;<\/i><i class=\"elementor-star-full\" aria-hidden=\"true\">&#9734;<\/i><i class=\"elementor-star-full\" aria-hidden=\"true\">&#9734;<\/i><i class=\"elementor-star-full\" aria-hidden=\"true\">&#9734;<\/i><i class=\"elementor-star-full\" aria-hidden=\"true\">&#9734;<\/i>\t\t\t\t<span itemprop=\"ratingValue\" class=\"elementor-screen-only\">Valutazione 5 su 5<\/span>\n\t\t\t<\/div>\n\t\t<\/div>\n\t\t\t\t\t\t<\/div>\n\t\t\t\t<\/div>\n\t\t\t\t<div class=\"elementor-element elementor-element-e34a122 elementor-widget elementor-widget-heading\" data-id=\"e34a122\" data-element_type=\"widget\" data-e-type=\"widget\" data-widget_type=\"heading.default\">\n\t\t\t\t<div class=\"elementor-widget-container\">\n\t\t\t\t\t<h4 class=\"elementor-heading-title elementor-size-medium\">Alba &amp; Alessandro<\/h4>\t\t\t\t<\/div>\n\t\t\t\t<\/div>\n\t\t\t\t<div class=\"elementor-element elementor-element-14f1d7e elementor-widget elementor-widget-heading\" data-id=\"14f1d7e\" data-element_type=\"widget\" data-e-type=\"widget\" data-widget_type=\"heading.default\">\n\t\t\t\t<div class=\"elementor-widget-container\">\n\t\t\t\t\t<div class=\"elementor-heading-title elementor-size-default\">Matrimonio Celtico in Agriturismo, Da Andrea a Scaldasole (PV)<\/div>\t\t\t\t<\/div>\n\t\t\t\t<\/div>\n\t\t\t\t<\/div>\n\t\t<div class=\"elementor-element elementor-element-0c3748e e-con-full animated-slow recensione-box e-flex elementor-invisible e-con e-child\" data-id=\"0c3748e\" data-element_type=\"container\" data-e-type=\"container\" data-settings=\"{&quot;animation&quot;:&quot;fadeIn&quot;}\">\n\t\t\t\t<div class=\"elementor-element elementor-element-522eb90 elementor-widget elementor-widget-heading\" data-id=\"522eb90\" data-element_type=\"widget\" data-e-type=\"widget\" data-widget_type=\"heading.default\">\n\t\t\t\t<div class=\"elementor-widget-container\">\n\t\t\t\t\t<h3 class=\"elementor-heading-title elementor-size-default\">Matrimonio fantasy con rito celtico autentico<\/h3>\t\t\t\t<\/div>\n\t\t\t\t<\/div>\n\t\t\t\t<div class=\"elementor-element elementor-element-8946f8f elementor-widget elementor-widget-text-editor\" data-id=\"8946f8f\" data-element_type=\"widget\" data-e-type=\"widget\" data-widget_type=\"text-editor.default\">\n\t\t\t\t<div class=\"elementor-widget-container\">\n\t\t\t\t\t\t\t\t\t<p class=\"adminReviewsItem__description \">Con Annalisa abbiamo avuto un <strong>certo feeling<\/strong> fin dall\u2019inizio. Ci ha raccontato tutto quello che includeva il rito celtico che lei pratica, e non vedevamo l\u2019ora di poterlo vivere con lei!<br \/>La cerimonia \u00e8 stata <strong>commovente<\/strong> in ogni suo aspetto, sia per noi che per i nostri ospiti. Per chi volesse organizzare un <strong>matrimonio a tema fantasy<\/strong> di qualsiasi tipo ( o qualsiasi matrimonio legato alla natura) lei \u00e8 la celebrante perfetta per l\u2019occasione! Grazie davvero di cuore per aver reso il nostro giorno speciale!<\/p>\t\t\t\t\t\t\t\t<\/div>\n\t\t\t\t<\/div>\n\t\t\t\t<div class=\"elementor-element elementor-element-156310c elementor-widget elementor-widget-image\" data-id=\"156310c\" data-element_type=\"widget\" data-e-type=\"widget\" data-widget_type=\"image.default\">\n\t\t\t\t<div class=\"elementor-widget-container\">\n\t\t\t\t\t\t\t\t\t\t\t\t\t\t\t<img loading=\"lazy\" decoding=\"async\" width=\"150\" height=\"150\" src=\"https:\/\/celebrante.annemeton.com\/wp-content\/uploads\/2024\/11\/5d21fe62-da0f-489e-8492-3c1a1b1f5d82-150x150.jpg\" class=\"attachment-thumbnail size-thumbnail wp-image-3530\" alt=\"Matrimonio Fantasy Trono di Spade\" \/>\t\t\t\t\t\t\t\t\t\t\t\t\t\t\t<\/div>\n\t\t\t\t<\/div>\n\t\t\t\t<div class=\"elementor-element elementor-element-618a57f elementor-star-rating--align-center elementor--star-style-star_unicode elementor-widget elementor-widget-star-rating\" data-id=\"618a57f\" data-element_type=\"widget\" data-e-type=\"widget\" data-widget_type=\"star-rating.default\">\n\t\t\t\t<div class=\"elementor-widget-container\">\n\t\t\t\t\t\t\t<div class=\"elementor-star-rating__wrapper\">\n\t\t\t\t\t\t<div class=\"elementor-star-rating\" itemtype=\"http:\/\/schema.org\/Rating\" itemscope=\"\" itemprop=\"reviewRating\">\n\t\t\t\t<i class=\"elementor-star-full\" aria-hidden=\"true\">&#9734;<\/i><i class=\"elementor-star-full\" aria-hidden=\"true\">&#9734;<\/i><i class=\"elementor-star-full\" aria-hidden=\"true\">&#9734;<\/i><i class=\"elementor-star-full\" aria-hidden=\"true\">&#9734;<\/i><i class=\"elementor-star-full\" aria-hidden=\"true\">&#9734;<\/i>\t\t\t\t<span itemprop=\"ratingValue\" class=\"elementor-screen-only\">Valutazione 5 su 5<\/span>\n\t\t\t<\/div>\n\t\t<\/div>\n\t\t\t\t\t\t<\/div>\n\t\t\t\t<\/div>\n\t\t\t\t<div class=\"elementor-element elementor-element-05904ae elementor-widget elementor-widget-heading\" data-id=\"05904ae\" data-element_type=\"widget\" data-e-type=\"widget\" data-widget_type=\"heading.default\">\n\t\t\t\t<div class=\"elementor-widget-container\">\n\t\t\t\t\t<h4 class=\"elementor-heading-title elementor-size-medium\">Astrid &amp; Riccardo<\/h4>\t\t\t\t<\/div>\n\t\t\t\t<\/div>\n\t\t\t\t<div class=\"elementor-element elementor-element-cd44e55 elementor-widget elementor-widget-heading\" data-id=\"cd44e55\" data-element_type=\"widget\" data-e-type=\"widget\" data-widget_type=\"heading.default\">\n\t\t\t\t<div class=\"elementor-widget-container\">\n\t\t\t\t\t<div class=\"elementor-heading-title elementor-size-default\">Matrimonio Celtico a tema fantasy Trono di Spade, Castello di Corbetta (MI)<\/div>\t\t\t\t<\/div>\n\t\t\t\t<\/div>\n\t\t\t\t<\/div>\n\t\t<div class=\"elementor-element elementor-element-0627820 e-con-full animated-slow recensione-box e-flex elementor-invisible e-con e-child\" data-id=\"0627820\" data-element_type=\"container\" data-e-type=\"container\" data-settings=\"{&quot;animation&quot;:&quot;fadeIn&quot;}\">\n\t\t\t\t<div class=\"elementor-element elementor-element-e113c77 elementor-widget elementor-widget-heading\" data-id=\"e113c77\" data-element_type=\"widget\" data-e-type=\"widget\" data-widget_type=\"heading.default\">\n\t\t\t\t<div class=\"elementor-widget-container\">\n\t\t\t\t\t<h3 class=\"elementor-heading-title elementor-size-default\">PURA MAGIA<\/h3>\t\t\t\t<\/div>\n\t\t\t\t<\/div>\n\t\t\t\t<div class=\"elementor-element elementor-element-e11ac20 elementor-widget elementor-widget-text-editor\" data-id=\"e11ac20\" data-element_type=\"widget\" data-e-type=\"widget\" data-widget_type=\"text-editor.default\">\n\t\t\t\t<div class=\"elementor-widget-container\">\n\t\t\t\t\t\t\t\t\t<p class=\"adminReviewsItem__title\">La celebrante \u00e8 stata per noi la punta di diamante, sceglierla tra le tante persone che si proponevano \u00e8 stata la scelta migliore che ci potesse capitare, una persona profonda in grado di comprendere e gestire un rito celtico. La sua dolcezza e professionalit\u00e0 hanno fatto in modo che la sua figura davanti agli invitati fosse al pari di un\u2019entit\u00e0. All\u2019inizio del nostro primo incontro il suo modo di parlare e di rassicurarci sul rito celtico da noi scelto ha colpito entrambi dritti al cuore, per le belle parole e la trasparenza senza alcuna menzione diretta in merito ad aspetti economici, era curiosa di capire come io e la mia compagna ci eravamo conosciuti e cos\u00ec, giocando, ha posto segretamente delle domande a ciascuno di noi che, successivamente avremmo dovuto rispondere a lei. In giro di qualche giorno siamo stati ricontattati per un altro incontro in modo da spiegarci ulteriori dettagli del rito. In quell\u2019occasione avvenne la magia, fummo trasportati dalle sue parole avendo la percezione di vivere frammenti dell\u2019esperienza futura. A fine serata io e la mia compagna ci alzammo dal tavolo con una sensazione di leggerezza privi di ogni preoccupazione in merito. Il giorno del rito, non avrei mai immaginato tanta bellezza nell\u2019organizzare quest\u2019evento, ogni cosa era al suo posto, le sue parole ascoltate da tutti gli invitati, erano tutti completamente coinvolti in ogni passaggio fino al momento finale dove prese atto la magia, quello della trasformazione tra compagni a marito e moglie dove anche la sua massima espressione di felicit\u00e0. E\u2019 stata per noi una guida, tutti gli invitati sono stati colpiti dall\u2019energia positiva dell\u2019evento. Tutti i presenti incluso lo staff DJ \/ Fotografi \/ Videomaker \/ e gestore della location non avevano mai assistito ad un rito cos\u00ec ben fatto. Ti ringraziamo di tutto, sarai per sempre ospite nel nostro cuore.\ud83e\udd0d\ud83e\udd0d<\/p>\t\t\t\t\t\t\t\t<\/div>\n\t\t\t\t<\/div>\n\t\t\t\t<div class=\"elementor-element elementor-element-0f35901 elementor-widget elementor-widget-image\" data-id=\"0f35901\" data-element_type=\"widget\" data-e-type=\"widget\" data-widget_type=\"image.default\">\n\t\t\t\t<div class=\"elementor-widget-container\">\n\t\t\t\t\t\t\t\t\t\t\t\t\t\t\t<img loading=\"lazy\" decoding=\"async\" width=\"150\" height=\"150\" src=\"https:\/\/celebrante.annemeton.com\/wp-content\/uploads\/2026\/01\/PHOTO-2025-06-04-16-15-09-2-1-150x150.jpg\" class=\"attachment-thumbnail size-thumbnail wp-image-3916\" alt=\"\" \/>\t\t\t\t\t\t\t\t\t\t\t\t\t\t\t<\/div>\n\t\t\t\t<\/div>\n\t\t\t\t<div class=\"elementor-element elementor-element-65f6371 elementor-star-rating--align-center elementor--star-style-star_unicode elementor-widget elementor-widget-star-rating\" data-id=\"65f6371\" data-element_type=\"widget\" data-e-type=\"widget\" data-widget_type=\"star-rating.default\">\n\t\t\t\t<div class=\"elementor-widget-container\">\n\t\t\t\t\t\t\t<div class=\"elementor-star-rating__wrapper\">\n\t\t\t\t\t\t<div class=\"elementor-star-rating\" itemtype=\"http:\/\/schema.org\/Rating\" itemscope=\"\" itemprop=\"reviewRating\">\n\t\t\t\t<i class=\"elementor-star-full\" aria-hidden=\"true\">&#9734;<\/i><i class=\"elementor-star-full\" aria-hidden=\"true\">&#9734;<\/i><i class=\"elementor-star-full\" aria-hidden=\"true\">&#9734;<\/i><i class=\"elementor-star-full\" aria-hidden=\"true\">&#9734;<\/i><i class=\"elementor-star-full\" aria-hidden=\"true\">&#9734;<\/i>\t\t\t\t<span itemprop=\"ratingValue\" class=\"elementor-screen-only\">Valutazione 5 su 5<\/span>\n\t\t\t<\/div>\n\t\t<\/div>\n\t\t\t\t\t\t<\/div>\n\t\t\t\t<\/div>\n\t\t\t\t<div class=\"elementor-element elementor-element-ab9a8f8 elementor-widget elementor-widget-heading\" data-id=\"ab9a8f8\" data-element_type=\"widget\" data-e-type=\"widget\" data-widget_type=\"heading.default\">\n\t\t\t\t<div class=\"elementor-widget-container\">\n\t\t\t\t\t<h4 class=\"elementor-heading-title elementor-size-medium\">Moira &amp; Marco<\/h4>\t\t\t\t<\/div>\n\t\t\t\t<\/div>\n\t\t\t\t<div class=\"elementor-element elementor-element-32ae23f elementor-widget elementor-widget-heading\" data-id=\"32ae23f\" data-element_type=\"widget\" data-e-type=\"widget\" data-widget_type=\"heading.default\">\n\t\t\t\t<div class=\"elementor-widget-container\">\n\t\t\t\t\t<div class=\"elementor-heading-title elementor-size-default\">Matrimonio Celtico in Agriturismo Rosmeri Vallino, Casarile (MI)<\/div>\t\t\t\t<\/div>\n\t\t\t\t<\/div>\n\t\t\t\t<\/div>\n\t\t<div class=\"elementor-element elementor-element-3b036b8 e-con-full animated-slow recensione-box e-flex elementor-invisible e-con e-child\" data-id=\"3b036b8\" data-element_type=\"container\" data-e-type=\"container\" data-settings=\"{&quot;animation&quot;:&quot;fadeIn&quot;}\">\n\t\t\t\t<div class=\"elementor-element elementor-element-5ba3a28 elementor-widget elementor-widget-heading\" data-id=\"5ba3a28\" data-element_type=\"widget\" data-e-type=\"widget\" data-widget_type=\"heading.default\">\n\t\t\t\t<div class=\"elementor-widget-container\">\n\t\t\t\t\t<h3 class=\"elementor-heading-title elementor-size-default\">IMMENSAMENTE GRATI<\/h3>\t\t\t\t<\/div>\n\t\t\t\t<\/div>\n\t\t\t\t<div class=\"elementor-element elementor-element-6be90a1 elementor-widget elementor-widget-text-editor\" data-id=\"6be90a1\" data-element_type=\"widget\" data-e-type=\"widget\" data-widget_type=\"text-editor.default\">\n\t\t\t\t<div class=\"elementor-widget-container\">\n\t\t\t\t\t\t\t\t\t<p>Ci siamo rivolti ad Annalisa per la festa di nascita del nostro bambino, un rituale nel quale lo abbiamo accolto attraverso gli elementi. Una giornata meravigliosa, esattamente quello che desideravamo per dare il benvenuto a questa nuova vita come genitori. Immensamente grata \ud83d\ude4f\ud83c\udffb<\/p>\t\t\t\t\t\t\t\t<\/div>\n\t\t\t\t<\/div>\n\t\t\t\t<div class=\"elementor-element elementor-element-9b7cbb5 elementor-widget elementor-widget-image\" data-id=\"9b7cbb5\" data-element_type=\"widget\" data-e-type=\"widget\" data-widget_type=\"image.default\">\n\t\t\t\t<div class=\"elementor-widget-container\">\n\t\t\t\t\t\t\t\t\t\t\t\t\t\t\t<img loading=\"lazy\" decoding=\"async\" width=\"150\" height=\"150\" src=\"https:\/\/celebrante.annemeton.com\/wp-content\/uploads\/2025\/06\/A7V4731-150x150.jpg\" class=\"attachment-thumbnail size-thumbnail wp-image-3855\" alt=\"\" \/>\t\t\t\t\t\t\t\t\t\t\t\t\t\t\t<\/div>\n\t\t\t\t<\/div>\n\t\t\t\t<div class=\"elementor-element elementor-element-18862dd elementor-star-rating--align-center elementor--star-style-star_unicode elementor-widget elementor-widget-star-rating\" data-id=\"18862dd\" data-element_type=\"widget\" data-e-type=\"widget\" data-widget_type=\"star-rating.default\">\n\t\t\t\t<div class=\"elementor-widget-container\">\n\t\t\t\t\t\t\t<div class=\"elementor-star-rating__wrapper\">\n\t\t\t\t\t\t<div class=\"elementor-star-rating\" itemtype=\"http:\/\/schema.org\/Rating\" itemscope=\"\" itemprop=\"reviewRating\">\n\t\t\t\t<i class=\"elementor-star-full\" aria-hidden=\"true\">&#9734;<\/i><i class=\"elementor-star-full\" aria-hidden=\"true\">&#9734;<\/i><i class=\"elementor-star-full\" aria-hidden=\"true\">&#9734;<\/i><i class=\"elementor-star-full\" aria-hidden=\"true\">&#9734;<\/i><i class=\"elementor-star-full\" aria-hidden=\"true\">&#9734;<\/i>\t\t\t\t<span itemprop=\"ratingValue\" class=\"elementor-screen-only\">Valutazione 5 su 5<\/span>\n\t\t\t<\/div>\n\t\t<\/div>\n\t\t\t\t\t\t<\/div>\n\t\t\t\t<\/div>\n\t\t\t\t<div class=\"elementor-element elementor-element-c0d5a28 elementor-widget elementor-widget-heading\" data-id=\"c0d5a28\" data-element_type=\"widget\" data-e-type=\"widget\" data-widget_type=\"heading.default\">\n\t\t\t\t<div class=\"elementor-widget-container\">\n\t\t\t\t\t<h4 class=\"elementor-heading-title elementor-size-medium\">Battesimo Tommaso, mamma Sara e pap\u00e0 Vincenzo<\/h4>\t\t\t\t<\/div>\n\t\t\t\t<\/div>\n\t\t\t\t<div class=\"elementor-element elementor-element-238b15f elementor-widget elementor-widget-heading\" data-id=\"238b15f\" data-element_type=\"widget\" data-e-type=\"widget\" data-widget_type=\"heading.default\">\n\t\t\t\t<div class=\"elementor-widget-container\">\n\t\t\t\t\t<div class=\"elementor-heading-title elementor-size-default\">Battesimo Tommaso, Tenuta Acquasole, Mercallo (VA)<\/div>\t\t\t\t<\/div>\n\t\t\t\t<\/div>\n\t\t\t\t<\/div>\n\t\t\t\t<\/div>\n\t\t<div class=\"elementor-element elementor-element-1989854 e-con-full animated-slow recensione-box e-flex elementor-invisible e-con e-child\" data-id=\"1989854\" data-element_type=\"container\" data-e-type=\"container\" data-settings=\"{&quot;animation&quot;:&quot;fadeIn&quot;}\">\n\t\t\t\t<div class=\"elementor-element elementor-element-2733352 elementor-widget elementor-widget-heading\" data-id=\"2733352\" data-element_type=\"widget\" data-e-type=\"widget\" data-widget_type=\"heading.default\">\n\t\t\t\t<div class=\"elementor-widget-container\">\n\t\t\t\t\t<h3 class=\"elementor-heading-title elementor-size-default\">Un' emozione unica sposarci con questo rito<\/h3>\t\t\t\t<\/div>\n\t\t\t\t<\/div>\n\t\t\t\t<div class=\"elementor-element elementor-element-60d4418 elementor-widget elementor-widget-text-editor\" data-id=\"60d4418\" data-element_type=\"widget\" data-e-type=\"widget\" data-widget_type=\"text-editor.default\">\n\t\t\t\t<div class=\"elementor-widget-container\">\n\t\t\t\t\t\t\t\t\t<p>Annalisa \u00e8 stata la nostra <strong>guida nel viaggio ad Avalon<\/strong> in cui mio marito mi ha chiesto di sposarlo, e le abbiamo poi chiesto di celebrare il nostro matrimonio con il rito celtico. \u00c9 stata fantastica ed \u00e8 riuscita a creare un\u2019<strong>atmosfera fatata e magica<\/strong> che ha coinvolto non solo noi, ma anche tutti i nostri invitati. Nessuno dei nostri invitati aveva mai assistito a questo tipo di rito, ma tutti lo hanno apprezzato e tutti ci hanno fatto i complimenti. \u00c9 stata un\u2019emozione davvero unica sposarci con questo rito che <strong>richiama gli spiriti della natura<\/strong>, attraverso la sapiente magia che Annalisa sa creare. Eravamo in un boschetto e questo ha reso tutto ancora pi\u00f9 magico.<\/p><p>Grazie Annemeton, sei unica, ti vogliamo bene!<\/p>\t\t\t\t\t\t\t\t<\/div>\n\t\t\t\t<\/div>\n\t\t\t\t<div class=\"elementor-element elementor-element-e2af742 elementor-widget elementor-widget-image\" data-id=\"e2af742\" data-element_type=\"widget\" data-e-type=\"widget\" data-widget_type=\"image.default\">\n\t\t\t\t<div class=\"elementor-widget-container\">\n\t\t\t\t\t\t\t\t\t\t\t\t\t\t\t<img loading=\"lazy\" decoding=\"async\" width=\"150\" height=\"150\" src=\"https:\/\/celebrante.annemeton.com\/wp-content\/uploads\/2026\/09\/1139-150x150.jpeg\" class=\"attachment-thumbnail size-thumbnail wp-image-4291\" alt=\"\" \/>\t\t\t\t\t\t\t\t\t\t\t\t\t\t\t<\/div>\n\t\t\t\t<\/div>\n\t\t\t\t<div class=\"elementor-element elementor-element-2b1b8d6 elementor-star-rating--align-center elementor--star-style-star_unicode elementor-widget elementor-widget-star-rating\" data-id=\"2b1b8d6\" data-element_type=\"widget\" data-e-type=\"widget\" data-widget_type=\"star-rating.default\">\n\t\t\t\t<div class=\"elementor-widget-container\">\n\t\t\t\t\t\t\t<div class=\"elementor-star-rating__wrapper\">\n\t\t\t\t\t\t<div class=\"elementor-star-rating\" itemtype=\"http:\/\/schema.org\/Rating\" itemscope=\"\" itemprop=\"reviewRating\">\n\t\t\t\t<i class=\"elementor-star-full\" aria-hidden=\"true\">&#9734;<\/i><i class=\"elementor-star-full\" aria-hidden=\"true\">&#9734;<\/i><i class=\"elementor-star-full\" aria-hidden=\"true\">&#9734;<\/i><i class=\"elementor-star-full\" aria-hidden=\"true\">&#9734;<\/i><i class=\"elementor-star-full\" aria-hidden=\"true\">&#9734;<\/i>\t\t\t\t<span itemprop=\"ratingValue\" class=\"elementor-screen-only\">Valutazione 5 su 5<\/span>\n\t\t\t<\/div>\n\t\t<\/div>\n\t\t\t\t\t\t<\/div>\n\t\t\t\t<\/div>\n\t\t\t\t<div class=\"elementor-element elementor-element-ac5b40e elementor-widget elementor-widget-heading\" data-id=\"ac5b40e\" data-element_type=\"widget\" data-e-type=\"widget\" data-widget_type=\"heading.default\">\n\t\t\t\t<div class=\"elementor-widget-container\">\n\t\t\t\t\t<h4 class=\"elementor-heading-title elementor-size-medium\">Claudia &amp; Diego<\/h4>\t\t\t\t<\/div>\n\t\t\t\t<\/div>\n\t\t\t\t<div class=\"elementor-element elementor-element-46f1bbf elementor-widget elementor-widget-heading\" data-id=\"46f1bbf\" data-element_type=\"widget\" data-e-type=\"widget\" data-widget_type=\"heading.default\">\n\t\t\t\t<div class=\"elementor-widget-container\">\n\t\t\t\t\t<div class=\"elementor-heading-title elementor-size-default\">Matrimonio con Rito Celtico Agriturismo La Commedia della Pentola, Lu, Alessandria<\/div>\t\t\t\t<\/div>\n\t\t\t\t<\/div>\n\t\t\t\t<\/div>\n\t\t<div class=\"elementor-element elementor-element-6427ec8 e-con-full animated-slow recensione-box e-flex elementor-invisible e-con e-child\" data-id=\"6427ec8\" data-element_type=\"container\" data-e-type=\"container\" data-settings=\"{&quot;animation&quot;:&quot;fadeIn&quot;}\">\n\t\t\t\t<div class=\"elementor-element elementor-element-10fa789 elementor-widget elementor-widget-heading\" data-id=\"10fa789\" data-element_type=\"widget\" data-e-type=\"widget\" data-widget_type=\"heading.default\">\n\t\t\t\t<div class=\"elementor-widget-container\">\n\t\t\t\t\t<h3 class=\"elementor-heading-title elementor-size-default\">Una ceriimonia che \u00e8 rimasta nel cuore dei nostri ospiti<\/h3>\t\t\t\t<\/div>\n\t\t\t\t<\/div>\n\t\t\t\t<div class=\"elementor-element elementor-element-44d7b1d elementor-widget elementor-widget-text-editor\" data-id=\"44d7b1d\" data-element_type=\"widget\" data-e-type=\"widget\" data-widget_type=\"text-editor.default\">\n\t\t\t\t<div class=\"elementor-widget-container\">\n\t\t\t\t\t\t\t\t\t<p>Siamo veramente felici di aver scelto e conosciuto Annemeton. Con il suo approccio \u00e8 riuscita a metterci <strong>a nostro agio<\/strong>. Ci ha confezionato dei riti su misura per noi che fossero ad indirizzo celtico ma con moderazione. Inoltre tutti i nostri ospiti sono rimasti entusiasti della cerimonia, considerate che per la prima volta abbiamo sentito dire <strong>&#8220;complimenti per la cerimonia, davvero bella! Come avete fatto ad organizzarla?&#8221;<\/strong> Invece di &#8220;che buoni gli affettati&#8221;.<br \/>La consigliamo di cuore.<\/p>\t\t\t\t\t\t\t\t<\/div>\n\t\t\t\t<\/div>\n\t\t\t\t<div class=\"elementor-element elementor-element-ddffd5f elementor-widget elementor-widget-image\" data-id=\"ddffd5f\" data-element_type=\"widget\" data-e-type=\"widget\" data-widget_type=\"image.default\">\n\t\t\t\t<div class=\"elementor-widget-container\">\n\t\t\t\t\t\t\t\t\t\t\t\t\t\t\t<img loading=\"lazy\" decoding=\"async\" width=\"150\" height=\"150\" src=\"https:\/\/celebrante.annemeton.com\/wp-content\/uploads\/2026\/09\/unnamed-150x150.webp\" class=\"attachment-thumbnail size-thumbnail wp-image-4296\" alt=\"Matrimonio simbolico rito candele celebrante\" \/>\t\t\t\t\t\t\t\t\t\t\t\t\t\t\t<\/div>\n\t\t\t\t<\/div>\n\t\t\t\t<div class=\"elementor-element elementor-element-b302903 elementor-star-rating--align-center elementor--star-style-star_unicode elementor-widget elementor-widget-star-rating\" data-id=\"b302903\" data-element_type=\"widget\" data-e-type=\"widget\" data-widget_type=\"star-rating.default\">\n\t\t\t\t<div class=\"elementor-widget-container\">\n\t\t\t\t\t\t\t<div class=\"elementor-star-rating__wrapper\">\n\t\t\t\t\t\t<div class=\"elementor-star-rating\" itemtype=\"http:\/\/schema.org\/Rating\" itemscope=\"\" itemprop=\"reviewRating\">\n\t\t\t\t<i class=\"elementor-star-full\" aria-hidden=\"true\">&#9734;<\/i><i class=\"elementor-star-full\" aria-hidden=\"true\">&#9734;<\/i><i class=\"elementor-star-full\" aria-hidden=\"true\">&#9734;<\/i><i class=\"elementor-star-full\" aria-hidden=\"true\">&#9734;<\/i><i class=\"elementor-star-full\" aria-hidden=\"true\">&#9734;<\/i>\t\t\t\t<span itemprop=\"ratingValue\" class=\"elementor-screen-only\">Valutazione 5 su 5<\/span>\n\t\t\t<\/div>\n\t\t<\/div>\n\t\t\t\t\t\t<\/div>\n\t\t\t\t<\/div>\n\t\t\t\t<div class=\"elementor-element elementor-element-ce7e5c5 elementor-widget elementor-widget-heading\" data-id=\"ce7e5c5\" data-element_type=\"widget\" data-e-type=\"widget\" data-widget_type=\"heading.default\">\n\t\t\t\t<div class=\"elementor-widget-container\">\n\t\t\t\t\t<h4 class=\"elementor-heading-title elementor-size-medium\">Eleonora &amp; Paolo<\/h4>\t\t\t\t<\/div>\n\t\t\t\t<\/div>\n\t\t\t\t<div class=\"elementor-element elementor-element-23834e1 elementor-widget elementor-widget-heading\" data-id=\"23834e1\" data-element_type=\"widget\" data-e-type=\"widget\" data-widget_type=\"heading.default\">\n\t\t\t\t<div class=\"elementor-widget-container\">\n\t\t\t\t\t<div class=\"elementor-heading-title elementor-size-default\">Matrimonio Simbolico, Borgo di Brisighella, Faenza<\/div>\t\t\t\t<\/div>\n\t\t\t\t<\/div>\n\t\t\t\t<\/div>\n\t\t<div class=\"elementor-element elementor-element-06e0770 e-con-full animated-slow recensione-box e-flex elementor-invisible e-con e-child\" data-id=\"06e0770\" data-element_type=\"container\" data-e-type=\"container\" data-settings=\"{&quot;animation&quot;:&quot;fadeIn&quot;}\">\n\t\t\t\t<div class=\"elementor-element elementor-element-1dddd1d elementor-widget elementor-widget-heading\" data-id=\"1dddd1d\" data-element_type=\"widget\" data-e-type=\"widget\" data-widget_type=\"heading.default\">\n\t\t\t\t<div class=\"elementor-widget-container\">\n\t\t\t\t\t<h3 class=\"elementor-heading-title elementor-size-default\">Un RINNOVO CELTICO che porteremo nel cuore<\/h3>\t\t\t\t<\/div>\n\t\t\t\t<\/div>\n\t\t\t\t<div class=\"elementor-element elementor-element-94c24b9 elementor-widget elementor-widget-text-editor\" data-id=\"94c24b9\" data-element_type=\"widget\" data-e-type=\"widget\" data-widget_type=\"text-editor.default\">\n\t\t\t\t<div class=\"elementor-widget-container\">\n\t\t\t\t\t\t\t\t\t<p>Annemeton ci ha accompagnati fin dall&#8217;inizio del nostro percorso: ha celebrato per noi il primo rito di fidanzamento, e non potevamo che affidarci ancora a lei per rinnovare le nostre promesse con un matrimonio celtico.<\/p><p>Ha saputo ascoltarci e venire incontro ad ogni nostra richiesta, curando ogni minimo dettaglio, e grazie alla sua grande sensibilit\u00e0 ed empatia ci ha messo fin da subito a nostro agio: la cerimonia \u00e8 stata profondamente simbolica, intensa, personale e carica di significato, ma allo stesso tempo molto leggera, perfettamente in sintonia con ci\u00f2 che volevamo e costruita su misura per noi.<\/p><p>Ha creato momenti magici che porteremo sempre nel cuore.<br \/>Non possiamo che consigliarla a chi desidera un rito autentico e sentito.<\/p><p>Grazie! \ud83d\udc9a\ud83c\udf43\ud83e\udd8b<\/p>\t\t\t\t\t\t\t\t<\/div>\n\t\t\t\t<\/div>\n\t\t\t\t<div class=\"elementor-element elementor-element-8e8f63c elementor-widget elementor-widget-image\" data-id=\"8e8f63c\" data-element_type=\"widget\" data-e-type=\"widget\" data-widget_type=\"image.default\">\n\t\t\t\t<div class=\"elementor-widget-container\">\n\t\t\t\t\t\t\t\t\t\t\t\t\t\t\t<img loading=\"lazy\" decoding=\"async\" width=\"150\" height=\"150\" src=\"https:\/\/celebrante.annemeton.com\/wp-content\/uploads\/2026\/04\/DSC00256-150x150.jpg\" class=\"attachment-thumbnail size-thumbnail wp-image-4083\" alt=\"due fidanzati compiono il rito dell&apos;handfasting con il rito celtico\" \/>\t\t\t\t\t\t\t\t\t\t\t\t\t\t\t<\/div>\n\t\t\t\t<\/div>\n\t\t\t\t<div class=\"elementor-element elementor-element-425ec7b elementor-star-rating--align-center elementor--star-style-star_unicode elementor-widget elementor-widget-star-rating\" data-id=\"425ec7b\" data-element_type=\"widget\" data-e-type=\"widget\" data-widget_type=\"star-rating.default\">\n\t\t\t\t<div class=\"elementor-widget-container\">\n\t\t\t\t\t\t\t<div class=\"elementor-star-rating__wrapper\">\n\t\t\t\t\t\t<div class=\"elementor-star-rating\" itemtype=\"http:\/\/schema.org\/Rating\" itemscope=\"\" itemprop=\"reviewRating\">\n\t\t\t\t<i class=\"elementor-star-full\" aria-hidden=\"true\">&#9734;<\/i><i class=\"elementor-star-full\" aria-hidden=\"true\">&#9734;<\/i><i class=\"elementor-star-full\" aria-hidden=\"true\">&#9734;<\/i><i class=\"elementor-star-full\" aria-hidden=\"true\">&#9734;<\/i><i class=\"elementor-star-full\" aria-hidden=\"true\">&#9734;<\/i>\t\t\t\t<span itemprop=\"ratingValue\" class=\"elementor-screen-only\">Valutazione 5 su 5<\/span>\n\t\t\t<\/div>\n\t\t<\/div>\n\t\t\t\t\t\t<\/div>\n\t\t\t\t<\/div>\n\t\t\t\t<div class=\"elementor-element elementor-element-d0162f3 elementor-widget elementor-widget-heading\" data-id=\"d0162f3\" data-element_type=\"widget\" data-e-type=\"widget\" data-widget_type=\"heading.default\">\n\t\t\t\t<div class=\"elementor-widget-container\">\n\t\t\t\t\t<h4 class=\"elementor-heading-title elementor-size-medium\">Chiara &amp; Nicola<\/h4>\t\t\t\t<\/div>\n\t\t\t\t<\/div>\n\t\t\t\t<div class=\"elementor-element elementor-element-558e527 elementor-widget elementor-widget-heading\" data-id=\"558e527\" data-element_type=\"widget\" data-e-type=\"widget\" data-widget_type=\"heading.default\">\n\t\t\t\t<div class=\"elementor-widget-container\">\n\t\t\t\t\t<div class=\"elementor-heading-title elementor-size-default\">Rinnovo Matrimonio Celtico, Colico, Lecco<\/div>\t\t\t\t<\/div>\n\t\t\t\t<\/div>\n\t\t\t\t<\/div>\n\t\t\t\t<\/div>\n\t\t<div class=\"elementor-element elementor-element-4e6ac34 e-flex e-con-boxed e-con e-parent\" data-id=\"4e6ac34\" data-element_type=\"container\" data-e-type=\"container\">\n\t\t\t\t\t<div class=\"e-con-inner\">\n\t\t\t\t<div class=\"elementor-element elementor-element-1605c2b elementor-widget elementor-widget-html\" data-id=\"1605c2b\" data-element_type=\"widget\" data-e-type=\"widget\" data-widget_type=\"html.default\">\n\t\t\t\t<div class=\"elementor-widget-container\">\n\t\t\t\t\t<script>\ndocument.addEventListener('DOMContentLoaded', function () {\n\n    if (document.body.classList.contains('elementor-editor-active')) {\n        return;\n    }\n\n    function randomizzaRecensioni() {\n\n        document.querySelectorAll('.recensioni-container').forEach(function (container) {\n\n            const recensioni = Array.from(\n                container.querySelectorAll(':scope > .recensione-box')\n            );\n\n            if (recensioni.length < 2) {\n                return;\n            }\n\n            \/\/ Mescola le recensioni\n            for (let i = recensioni.length - 1; i > 0; i--) {\n                const j = Math.floor(Math.random() * (i + 1));\n\n                [recensioni[i], recensioni[j]] =\n                [recensioni[j], recensioni[i]];\n            }\n\n            \/\/ Applica il nuovo ordine\n            recensioni.forEach(function (recensione) {\n                container.appendChild(recensione);\n            });\n\n        });\n    }\n\n    \/\/ Aspetta che Elementor abbia caricato completamente la struttura\n    setTimeout(randomizzaRecensioni, 500);\n\n});\n<\/script>\t\t\t\t<\/div>\n\t\t\t\t<\/div>\n\t\t\t\t\t<\/div>\n\t\t\t\t<\/div>\n\t\t\t\t<\/div>\n\t\t","protected":false},"excerpt":{"rendered":"<p>Matrimonio celtico Meravigliosa Annemeton!Una donna dall&#8217;animo gentile, super preparata, che ti guida passo passo fin dalle prime basi conoscitive per arrivare poi al percorso cerimoniale vero e proprio.Professionale, sempre disponibile, non d\u00e0 nulla per scontato: con una cerimonia curata in tutti i dettagli, crea l&#8217;atmosfera giusta per i futuri sposi mettendoli a loro agio in [&hellip;]<\/p>\n","protected":false},"author":1,"featured_media":0,"parent":0,"menu_order":0,"comment_status":"closed","ping_status":"closed","template":"","meta":{"site-sidebar-layout":"no-sidebar","site-content-layout":"page-builder","ast-site-content-layout":"","site-content-style":"default","site-sidebar-style":"default","ast-global-header-display":"","ast-banner-title-visibility":"","ast-main-header-display":"","ast-hfb-above-header-display":"","ast-hfb-below-header-display":"","ast-hfb-mobile-header-display":"","site-post-title":"disabled","ast-breadcrumbs-content":"disabled","ast-featured-img":"disabled","footer-sml-layout":"","theme-transparent-header-meta":"enabled","adv-header-id-meta":"","stick-header-meta":"","header-above-stick-meta":"","header-main-stick-meta":"","header-below-stick-meta":"","astra-migrate-meta-layouts":"default","ast-page-background-enabled":"default","ast-page-background-meta":{"desktop":{"background-color":"","background-image":"","background-repeat":"repeat","background-position":"center center","background-size":"auto","background-attachment":"scroll","background-type":"","background-media":"","overlay-type":"","overlay-color":"","overlay-gradient":""},"tablet":{"background-color":"","background-image":"","background-repeat":"repeat","background-position":"center center","background-size":"auto","background-attachment":"scroll","background-type":"","background-media":"","overlay-type":"","overlay-color":"","overlay-gradient":""},"mobile":{"background-color":"","background-image":"","background-repeat":"repeat","background-position":"center center","background-size":"auto","background-attachment":"scroll","background-type":"","background-media":"","overlay-type":"","overlay-color":"","overlay-gradient":""}},"ast-content-background-meta":{"desktop":{"background-color":"var(--ast-global-color-5)","background-image":"","background-repeat":"repeat","background-position":"center center","background-size":"auto","background-attachment":"scroll","background-type":"","background-media":"","overlay-type":"","overlay-color":"","overlay-gradient":""},"tablet":{"background-color":"var(--ast-global-color-5)","background-image":"","background-repeat":"repeat","background-position":"center center","background-size":"auto","background-attachment":"scroll","background-type":"","background-media":"","overlay-type":"","overlay-color":"","overlay-gradient":""},"mobile":{"background-color":"var(--ast-global-color-5)","background-image":"","background-repeat":"repeat","background-position":"center center","background-size":"auto","background-attachment":"scroll","background-type":"","background-media":"","overlay-type":"","overlay-color":"","overlay-gradient":""}},"footnotes":""},"class_list":["post-2096","page","type-page","status-publish","hentry"],"yoast_head":"<!-- This site is optimized with the Yoast SEO plugin v26.7 - https:\/\/yoast.com\/wordpress\/plugins\/seo\/ -->\n<title>Recensioni - Annemeton - Celebrante naturale<\/title>\n<meta name=\"robots\" content=\"index, follow, max-snippet:-1, max-image-preview:large, max-video-preview:-1\" \/>\n<link rel=\"canonical\" href=\"https:\/\/celebrante.annemeton.com\/en\/recensioni\/\" \/>\n<meta property=\"og:locale\" content=\"en_GB\" \/>\n<meta property=\"og:type\" content=\"article\" \/>\n<meta property=\"og:title\" content=\"Recensioni - Annemeton - Celebrante naturale\" \/>\n<meta property=\"og:description\" content=\"Matrimonio celtico Meravigliosa Annemeton!Una donna dall&#8217;animo gentile, super preparata, che ti guida passo passo fin dalle prime basi conoscitive per arrivare poi al percorso cerimoniale vero e proprio.Professionale, sempre disponibile, non d\u00e0 nulla per scontato: con una cerimonia curata in tutti i dettagli, crea l&#8217;atmosfera giusta per i futuri sposi mettendoli a loro agio in [&hellip;]\" \/>\n<meta property=\"og:url\" content=\"https:\/\/celebrante.annemeton.com\/en\/recensioni\/\" \/>\n<meta property=\"og:site_name\" content=\"Annemeton - Celebrante naturale\" \/>\n<meta property=\"article:modified_time\" content=\"2026-09-02T07:04:33+00:00\" \/>\n<meta property=\"og:image\" content=\"https:\/\/celebrante.annemeton.com\/wp-content\/uploads\/2023\/12\/alice-matteo.jpg\" \/>\n\t<meta property=\"og:image:width\" content=\"696\" \/>\n\t<meta property=\"og:image:height\" content=\"696\" \/>\n\t<meta property=\"og:image:type\" content=\"image\/jpeg\" \/>\n<meta name=\"twitter:card\" content=\"summary_large_image\" \/>\n<meta name=\"twitter:label1\" content=\"Estimated reading time\" \/>\n\t<meta name=\"twitter:data1\" content=\"17 minutes\" \/>\n<script type=\"application\/ld+json\" class=\"yoast-schema-graph\">{\"@context\":\"https:\/\/schema.org\",\"@graph\":[{\"@type\":\"WebPage\",\"@id\":\"https:\/\/celebrante.annemeton.com\/recensioni\/\",\"url\":\"https:\/\/celebrante.annemeton.com\/recensioni\/\",\"name\":\"Recensioni - Annemeton - Celebrante naturale\",\"isPartOf\":{\"@id\":\"https:\/\/celebrante.annemeton.com\/#website\"},\"primaryImageOfPage\":{\"@id\":\"https:\/\/celebrante.annemeton.com\/recensioni\/#primaryimage\"},\"image\":{\"@id\":\"https:\/\/celebrante.annemeton.com\/recensioni\/#primaryimage\"},\"thumbnailUrl\":\"https:\/\/celebrante.annemeton.com\/wp-content\/uploads\/2023\/12\/alice-matteo.jpg\",\"datePublished\":\"2024-01-18T11:53:47+00:00\",\"dateModified\":\"2026-09-02T07:04:33+00:00\",\"breadcrumb\":{\"@id\":\"https:\/\/celebrante.annemeton.com\/recensioni\/#breadcrumb\"},\"inLanguage\":\"en-GB\",\"potentialAction\":[{\"@type\":\"ReadAction\",\"target\":[\"https:\/\/celebrante.annemeton.com\/recensioni\/\"]}]},{\"@type\":\"ImageObject\",\"inLanguage\":\"en-GB\",\"@id\":\"https:\/\/celebrante.annemeton.com\/recensioni\/#primaryimage\",\"url\":\"https:\/\/celebrante.annemeton.com\/wp-content\/uploads\/2023\/12\/alice-matteo.jpg\",\"contentUrl\":\"https:\/\/celebrante.annemeton.com\/wp-content\/uploads\/2023\/12\/alice-matteo.jpg\"},{\"@type\":\"BreadcrumbList\",\"@id\":\"https:\/\/celebrante.annemeton.com\/recensioni\/#breadcrumb\",\"itemListElement\":[{\"@type\":\"ListItem\",\"position\":1,\"name\":\"Home\",\"item\":\"https:\/\/celebrante.annemeton.com\/\"},{\"@type\":\"ListItem\",\"position\":2,\"name\":\"Recensioni\"}]},{\"@type\":\"WebSite\",\"@id\":\"https:\/\/celebrante.annemeton.com\/#website\",\"url\":\"https:\/\/celebrante.annemeton.com\/\",\"name\":\"Annemeton - Celebrante naturale\",\"description\":\"Celebrazioni naturali a Milano e dintorni\",\"publisher\":{\"@id\":\"https:\/\/celebrante.annemeton.com\/#\/schema\/person\/6d18f0ccfb559305bc62f8d7fd83ef1d\"},\"potentialAction\":[{\"@type\":\"SearchAction\",\"target\":{\"@type\":\"EntryPoint\",\"urlTemplate\":\"https:\/\/celebrante.annemeton.com\/?s={search_term_string}\"},\"query-input\":{\"@type\":\"PropertyValueSpecification\",\"valueRequired\":true,\"valueName\":\"search_term_string\"}}],\"inLanguage\":\"en-GB\"},{\"@type\":[\"Person\",\"Organization\"],\"@id\":\"https:\/\/celebrante.annemeton.com\/#\/schema\/person\/6d18f0ccfb559305bc62f8d7fd83ef1d\",\"name\":\"Annemeton\",\"image\":{\"@type\":\"ImageObject\",\"inLanguage\":\"en-GB\",\"@id\":\"https:\/\/celebrante.annemeton.com\/#\/schema\/person\/image\/\",\"url\":\"https:\/\/celebrante.annemeton.com\/wp-content\/uploads\/2023\/11\/cropped-annemeton-logo.png\",\"contentUrl\":\"https:\/\/celebrante.annemeton.com\/wp-content\/uploads\/2023\/11\/cropped-annemeton-logo.png\",\"width\":1583,\"height\":1583,\"caption\":\"Annemeton\"},\"logo\":{\"@id\":\"https:\/\/celebrante.annemeton.com\/#\/schema\/person\/image\/\"},\"description\":\"Celebrante professionale specializzata in matrimoni simbolici e celtici\"}]}<\/script>\n<!-- \/ Yoast SEO plugin. -->","yoast_head_json":{"title":"Recensioni - Annemeton - Celebrante naturale","robots":{"index":"index","follow":"follow","max-snippet":"max-snippet:-1","max-image-preview":"max-image-preview:large","max-video-preview":"max-video-preview:-1"},"canonical":"https:\/\/celebrante.annemeton.com\/en\/recensioni\/","og_locale":"en_GB","og_type":"article","og_title":"Recensioni - Annemeton - Celebrante naturale","og_description":"Matrimonio celtico Meravigliosa Annemeton!Una donna dall&#8217;animo gentile, super preparata, che ti guida passo passo fin dalle prime basi conoscitive per arrivare poi al percorso cerimoniale vero e proprio.Professionale, sempre disponibile, non d\u00e0 nulla per scontato: con una cerimonia curata in tutti i dettagli, crea l&#8217;atmosfera giusta per i futuri sposi mettendoli a loro agio in [&hellip;]","og_url":"https:\/\/celebrante.annemeton.com\/en\/recensioni\/","og_site_name":"Annemeton - Celebrante naturale","article_modified_time":"2026-09-02T07:04:33+00:00","og_image":[{"width":696,"height":696,"url":"https:\/\/celebrante.annemeton.com\/wp-content\/uploads\/2023\/12\/alice-matteo.jpg","type":"image\/jpeg"}],"twitter_card":"summary_large_image","twitter_misc":{"Estimated reading time":"17 minutes"},"schema":{"@context":"https:\/\/schema.org","@graph":[{"@type":"WebPage","@id":"https:\/\/celebrante.annemeton.com\/recensioni\/","url":"https:\/\/celebrante.annemeton.com\/recensioni\/","name":"Recensioni - Annemeton - Celebrante naturale","isPartOf":{"@id":"https:\/\/celebrante.annemeton.com\/#website"},"primaryImageOfPage":{"@id":"https:\/\/celebrante.annemeton.com\/recensioni\/#primaryimage"},"image":{"@id":"https:\/\/celebrante.annemeton.com\/recensioni\/#primaryimage"},"thumbnailUrl":"https:\/\/celebrante.annemeton.com\/wp-content\/uploads\/2023\/12\/alice-matteo.jpg","datePublished":"2024-01-18T11:53:47+00:00","dateModified":"2026-09-02T07:04:33+00:00","breadcrumb":{"@id":"https:\/\/celebrante.annemeton.com\/recensioni\/#breadcrumb"},"inLanguage":"en-GB","potentialAction":[{"@type":"ReadAction","target":["https:\/\/celebrante.annemeton.com\/recensioni\/"]}]},{"@type":"ImageObject","inLanguage":"en-GB","@id":"https:\/\/celebrante.annemeton.com\/recensioni\/#primaryimage","url":"https:\/\/celebrante.annemeton.com\/wp-content\/uploads\/2023\/12\/alice-matteo.jpg","contentUrl":"https:\/\/celebrante.annemeton.com\/wp-content\/uploads\/2023\/12\/alice-matteo.jpg"},{"@type":"BreadcrumbList","@id":"https:\/\/celebrante.annemeton.com\/recensioni\/#breadcrumb","itemListElement":[{"@type":"ListItem","position":1,"name":"Home","item":"https:\/\/celebrante.annemeton.com\/"},{"@type":"ListItem","position":2,"name":"Recensioni"}]},{"@type":"WebSite","@id":"https:\/\/celebrante.annemeton.com\/#website","url":"https:\/\/celebrante.annemeton.com\/","name":"Annemeton - Celebrante naturale","description":"Celebrazioni naturali a Milano e dintorni","publisher":{"@id":"https:\/\/celebrante.annemeton.com\/#\/schema\/person\/6d18f0ccfb559305bc62f8d7fd83ef1d"},"potentialAction":[{"@type":"SearchAction","target":{"@type":"EntryPoint","urlTemplate":"https:\/\/celebrante.annemeton.com\/?s={search_term_string}"},"query-input":{"@type":"PropertyValueSpecification","valueRequired":true,"valueName":"search_term_string"}}],"inLanguage":"en-GB"},{"@type":["Person","Organization"],"@id":"https:\/\/celebrante.annemeton.com\/#\/schema\/person\/6d18f0ccfb559305bc62f8d7fd83ef1d","name":"Annemeton","image":{"@type":"ImageObject","inLanguage":"en-GB","@id":"https:\/\/celebrante.annemeton.com\/#\/schema\/person\/image\/","url":"https:\/\/celebrante.annemeton.com\/wp-content\/uploads\/2023\/11\/cropped-annemeton-logo.png","contentUrl":"https:\/\/celebrante.annemeton.com\/wp-content\/uploads\/2023\/11\/cropped-annemeton-logo.png","width":1583,"height":1583,"caption":"Annemeton"},"logo":{"@id":"https:\/\/celebrante.annemeton.com\/#\/schema\/person\/image\/"},"description":"Celebrante professionale specializzata in matrimoni simbolici e celtici"}]}},"_links":{"self":[{"href":"https:\/\/celebrante.annemeton.com\/en\/wp-json\/wp\/v2\/pages\/2096","targetHints":{"allow":["GET"]}}],"collection":[{"href":"https:\/\/celebrante.annemeton.com\/en\/wp-json\/wp\/v2\/pages"}],"about":[{"href":"https:\/\/celebrante.annemeton.com\/en\/wp-json\/wp\/v2\/types\/page"}],"author":[{"embeddable":true,"href":"https:\/\/celebrante.annemeton.com\/en\/wp-json\/wp\/v2\/users\/1"}],"replies":[{"embeddable":true,"href":"https:\/\/celebrante.annemeton.com\/en\/wp-json\/wp\/v2\/comments?post=2096"}],"version-history":[{"count":239,"href":"https:\/\/celebrante.annemeton.com\/en\/wp-json\/wp\/v2\/pages\/2096\/revisions"}],"predecessor-version":[{"id":4374,"href":"https:\/\/celebrante.annemeton.com\/en\/wp-json\/wp\/v2\/pages\/2096\/revisions\/4374"}],"wp:attachment":[{"href":"https:\/\/celebrante.annemeton.com\/en\/wp-json\/wp\/v2\/media?parent=2096"}],"curies":[{"name":"wp","href":"https:\/\/api.w.org\/{rel}","templated":true}]}}